{"id":177,"date":"2025-10-05T13:43:33","date_gmt":"2025-10-05T11:43:33","guid":{"rendered":"https:\/\/doradcametodyczny.eu\/\/autoinstalator\/wordpress4\/?page_id=177"},"modified":"2026-02-02T12:59:27","modified_gmt":"2026-02-02T11:59:27","slug":"o-mnie","status":"publish","type":"page","link":"https:\/\/doradcametodyczny.eu\/index.php\/o-mnie\/","title":{"rendered":"O mnie"},"content":{"rendered":"\n<p>Jestem doradc\u0105 metodycznym j\u0119zyka angielskiego od 2006 roku. Uko\u0144czy\u0142em Uniwersytet Marii Curie-Sk\u0142odowskiej w Lublinie na kierunku filologia angielska oraz Katolicki Uniwersytet Lubelski na kierunku psychologia. Pracuj\u0119 jako nauczyciel j\u0119zyka angielskiego w Szkole Podstawowej nr 57 im. Jana Kochanowskiego w Lublinie.<\/p>\n\n\n\n<p>Poni\u017cej przedstawiam kilka informacji o sobie i moim do\u015bwiadczeniu zawodowym.<\/p>\n\n\n\n<p><strong>Wykszta\u0142cenie<\/strong><\/p>\n\n\n\n<ul class=\"wp-block-list\">\n<li>mgr filologii angielskiej (UMCS)<\/li>\n\n\n\n<li>mgr psychologii (KUL)<\/li>\n\n\n\n<li>studia podyplomowe w zakresie kszta\u0142cenia na odleg\u0142o\u015b\u0107 (UMCS)<\/li>\n\n\n\n<li>studia podyplomowe w zakresie informatyki (UMCS)<\/li>\n\n\n\n<li>liczne formy doskonalenia<\/li>\n<\/ul>\n\n\n\n<p><strong>Kwalifikacje zawodowe i do\u015bwiadczenie<\/strong><\/p>\n\n\n\n<ul class=\"wp-block-list\">\n<li>doradca metodyczny j\u0119zyka angielskiego<\/li>\n\n\n\n<li>nauczyciel dyplomowany<\/li>\n\n\n\n<li>egzaminator egzaminu \u00f3smoklasisty z j\u0119zyka angielskiego<\/li>\n\n\n\n<li>ekspert ds. e-learningu<\/li>\n\n\n\n<li>e-metodyk<\/li>\n\n\n\n<li>ekspert ds. efektywnych technik uczenia si\u0119<\/li>\n\n\n\n<li>ekspert ds. awansu zawodowego nauczycieli<\/li>\n\n\n\n<li>specjalista ds. tworzenia projekt\u00f3w EFS<\/li>\n\n\n\n<li>specjalista ds. wykorzystania nowoczesnych technologii w edukacji<\/li>\n\n\n\n<li>ekspert zarz\u0105dzania o\u015bwiat\u0105<\/li>\n\n\n\n<li>autor innowacyjnych program\u00f3w nauczania j\u0119zyka angielskiego<\/li>\n\n\n\n<li>do\u015bwiadczenie w prowadzeniu konferencji metodycznych, warsztat\u00f3w i kurs\u00f3w dla nauczycieli z zakresu dydaktyki, psychologii, nowoczesnych technologii w edukacji<\/li>\n<\/ul>\n\n\n\n<p><strong>Aktualne g\u0142\u00f3wne miejsce pracy:<\/strong><\/p>\n\n\n\n<p>Szko\u0142a Podstawowa nr 57 im. Jana Kochanowskiego w Lublinie<\/p>\n\n\n\n<p><strong>Zainteresowania:<\/strong><\/p>\n\n\n\n<ul class=\"wp-block-list\">\n<li>psychologia uczenia si\u0119<\/li>\n\n\n\n<li>nowoczesne technologie w nauczaniu j\u0119zyk\u00f3w obcych<\/li>\n\n\n\n<li>podr\u00f3\u017ce<\/li>\n\n\n\n<li>filmy<\/li>\n<\/ul>\n\n\n\n<p>Piotr Skubi\u0144ski<\/p>\n\n\n\n<figure class=\"wp-block-image size-large\"><a href=\"https:\/\/e-educator.eu\" target=\"_blank\" rel=\"noopener\"><img loading=\"lazy\" decoding=\"async\" width=\"1024\" height=\"512\" src=\"https:\/\/doradcametodyczny.eu\/wp-content\/uploads\/2026\/01\/BANER-DUZY-E-EDUCATOR-1024x512.jpg\" alt=\"BANER DU\u017bY - E-EDUCATOR\" class=\"wp-image-288\" srcset=\"https:\/\/doradcametodyczny.eu\/wp-content\/uploads\/2026\/01\/BANER-DUZY-E-EDUCATOR-1024x512.jpg 1024w, https:\/\/doradcametodyczny.eu\/wp-content\/uploads\/2026\/01\/BANER-DUZY-E-EDUCATOR-300x150.jpg 300w, https:\/\/doradcametodyczny.eu\/wp-content\/uploads\/2026\/01\/BANER-DUZY-E-EDUCATOR-768x384.jpg 768w, https:\/\/doradcametodyczny.eu\/wp-content\/uploads\/2026\/01\/BANER-DUZY-E-EDUCATOR-1536x768.jpg 1536w, https:\/\/doradcametodyczny.eu\/wp-content\/uploads\/2026\/01\/BANER-DUZY-E-EDUCATOR-2048x1024.jpg 2048w, https:\/\/doradcametodyczny.eu\/wp-content\/uploads\/2026\/01\/BANER-DUZY-E-EDUCATOR-1000x500.jpg 1000w, https:\/\/doradcametodyczny.eu\/wp-content\/uploads\/2026\/01\/BANER-DUZY-E-EDUCATOR-230x115.jpg 230w, https:\/\/doradcametodyczny.eu\/wp-content\/uploads\/2026\/01\/BANER-DUZY-E-EDUCATOR-350x175.jpg 350w, https:\/\/doradcametodyczny.eu\/wp-content\/uploads\/2026\/01\/BANER-DUZY-E-EDUCATOR-480x240.jpg 480w\" sizes=\"auto, (max-width: 1024px) 100vw, 1024px\" \/><\/a><\/figure>\n","protected":false},"excerpt":{"rendered":"<p>Jestem doradc\u0105 metodycznym j\u0119zyka angielskiego od 2006 roku. Uko\u0144czy\u0142em Uniwersytet Marii Curie-Sk\u0142odowskiej w Lublinie na kierunku filologia angielska oraz Katolicki Uniwersytet Lubelski [&hellip;]<\/p>\n","protected":false},"author":1,"featured_media":0,"parent":0,"menu_order":0,"comment_status":"closed","ping_status":"closed","template":"","meta":{"footnotes":""},"class_list":["post-177","page","type-page","status-publish","hentry"],"_links":{"self":[{"href":"https:\/\/doradcametodyczny.eu\/index.php\/wp-json\/wp\/v2\/pages\/177","targetHints":{"allow":["GET"]}}],"collection":[{"href":"https:\/\/doradcametodyczny.eu\/index.php\/wp-json\/wp\/v2\/pages"}],"about":[{"href":"https:\/\/doradcametodyczny.eu\/index.php\/wp-json\/wp\/v2\/types\/page"}],"author":[{"embeddable":true,"href":"https:\/\/doradcametodyczny.eu\/index.php\/wp-json\/wp\/v2\/users\/1"}],"replies":[{"embeddable":true,"href":"https:\/\/doradcametodyczny.eu\/index.php\/wp-json\/wp\/v2\/comments?post=177"}],"version-history":[{"count":6,"href":"https:\/\/doradcametodyczny.eu\/index.php\/wp-json\/wp\/v2\/pages\/177\/revisions"}],"predecessor-version":[{"id":291,"href":"https:\/\/doradcametodyczny.eu\/index.php\/wp-json\/wp\/v2\/pages\/177\/revisions\/291"}],"wp:attachment":[{"href":"https:\/\/doradcametodyczny.eu\/index.php\/wp-json\/wp\/v2\/media?parent=177"}],"curies":[{"name":"wp","href":"https:\/\/api.w.org\/{rel}","templated":true}]}}