{"id":41,"date":"2025-10-04T18:46:15","date_gmt":"2025-10-04T16:46:15","guid":{"rendered":"https:\/\/doradcametodyczny.eu\/\/autoinstalator\/wordpress4\/?page_id=41"},"modified":"2026-02-02T09:50:33","modified_gmt":"2026-02-02T08:50:33","slug":"awans-zawodowy","status":"publish","type":"page","link":"https:\/\/doradcametodyczny.eu\/index.php\/awans-zawodowy\/","title":{"rendered":"Awans zawodowy"},"content":{"rendered":"\n<p><strong>Awans zawodowy nauczyciela<\/strong> w Polsce to proces, kt\u00f3ry \u0142\u0105czy podnoszenie kompetencji z presti\u017cem i wy\u017cszym wynagrodzeniem. Cho\u0107 \u015bcie\u017cka od nauczyciela pocz\u0105tkuj\u0105cego, przez mianowanego, a\u017c po dyplomowanego bywa wyzwaniem biurokratycznym, z odpowiednim wsparciem mo\u017ce sta\u0107 si\u0119 prost\u0105 drog\u0105 do sukcesu.<br>Kluczowe etapy awansu<br>Zgodnie z aktualnymi przepisami Karty Nauczyciela i innych przepis\u00f3w, system skupia si\u0119 na praktycznych umiej\u0119tno\u015bciach. Najwa\u017cniejsze elementy to:<\/p>\n\n\n\n<ul class=\"wp-block-list\">\n<li><strong>Plan rozwoju zawodowego<\/strong><br>Fundament dzia\u0142a\u0144, kt\u00f3ry musi odpowiada\u0107 na potrzeby szko\u0142y i uczni\u00f3w.<\/li>\n\n\n\n<li><strong>Dokumentacja<\/strong><br>Systematyczne gromadzenie dowod\u00f3w, sprawozda\u0144 i scenariuszy lekcji.<\/li>\n\n\n\n<li><strong>Egzamin i rozmowa<\/strong><br>Fina\u0142 przed komisj\u0105, wymagaj\u0105cy profesjonalnej autoprezentacji dorobku.<br><strong>Jak u\u0142atwi\u0107 sobie drog\u0119?<\/strong><br>Nie musisz walczy\u0107 z przepisami samodzielnie. Wykorzystanie gotowych wzor\u00f3w dokument\u00f3w oraz sprawdzonych scenariuszy pozwala zaoszcz\u0119dzi\u0107 czas i unikn\u0105\u0107 b\u0142\u0119d\u00f3w formalnych. Skupienie si\u0119 na analizie efekt\u00f3w w\u0142asnej pracy to klucz do uzyskania pozytywnej oceny dorobku.<br>Inwestycja w awans zawodowy to inwestycja w jako\u015b\u0107 nauczania. Zacznij planowa\u0107 swoje dzia\u0142ania ju\u017c dzi\u015b, korzystaj\u0105c z aktualnej wiedzy prawnej i wsparcia ekspert\u00f3w, aby bez stresu osi\u0105gn\u0105\u0107 kolejny stopie\u0144 awansu.<\/li>\n<\/ul>\n\n\n<div ><style>#sp-ea-40 .spcollapsing { height: 0; overflow: hidden; transition-property: height;transition-duration: 300ms;}#sp-ea-40.sp-easy-accordion>.sp-ea-single {margin-bottom: 10px; border: 1px solid #e2e2e2; }#sp-ea-40.sp-easy-accordion>.sp-ea-single>.ea-header a {color: #ffffff;}#sp-ea-40.sp-easy-accordion>.sp-ea-single>.sp-collapse>.ea-body {background: #fff; color: #444;}#sp-ea-40.sp-easy-accordion>.sp-ea-single {background: #060097;}#sp-ea-40.sp-easy-accordion>.sp-ea-single>.ea-header a .ea-expand-icon { float: left; color: #444;font-size: 16px;}<\/style><div id=\"sp_easy_accordion-1759593215\"><div id=\"sp-ea-40\" class=\"sp-ea-one sp-easy-accordion\" data-ea-active=\"ea-click\" data-ea-mode=\"vertical\" data-preloader=\"\" data-scroll-active-item=\"1\" data-offset-to-scroll=\"0\"><div class=\"ea-card sp-ea-single\"><h3 class=\"ea-header\"><a class=\"collapsed\" id=\"ea-header-400\" role=\"button\" data-sptoggle=\"spcollapse\" data-sptarget=\"#collapse400\" aria-controls=\"collapse400\" href=\"#\" aria-expanded=\"false\" tabindex=\"0\"><i aria-hidden=\"true\" role=\"presentation\" class=\"ea-expand-icon eap-icon-ea-expand-plus\"><\/i> AWANS ZAWODOWY NAUCZYCIELA<\/a><\/h3><div class=\"sp-collapse spcollapse spcollapse\" id=\"collapse400\" data-parent=\"#sp-ea-40\" role=\"region\" aria-labelledby=\"ea-header-400\"> <div class=\"ea-body\"><h5 class=\"western\" lang=\"zxx\"><span style=\"color: #000000\"><span style=\"font-family: Open Sans\"><span style=\"font-size: large\">AWANS ZAWODOWY NAUCZYCIELA<\/span><\/span><\/span><\/h5><p lang=\"zxx\" align=\"left\"><span style=\"color: #000000\"><span style=\"font-family: Open Sans\"><span style=\"font-size: medium\">Ubieganie si\u0119 o kolejny stopie\u0144 awansu zawodowego wi\u0105\u017ce si\u0119 ze spe\u0142nieniem przez nauczycieli wielu wymaga\u0144 i przygotowaniem mn\u00f3stwa dokument\u00f3w. Wymagania na poszczeg\u00f3lne stopnie r\u00f3\u017cni\u0105 si\u0119, inaczej r\u00f3wnie\u017c mog\u0105 wygl\u0105da\u0107 powinno\u015bci nauczyciela w okresie odbywania sta\u017cu. Jakie wymagania musi spe\u0142nia\u0107 nauczyciel, aby uzyska\u0107 kolejny stopie\u0144 awansu zawodowego, ile trwa sta\u017c na poszczeg\u00f3lne stopnie, jak wygl\u0105da przygotowanie planu rozwoju zawodowego przedstawiaj\u0105 poni\u017csze tabele.<\/span><\/span><\/span><\/p><h5 class=\"western\" lang=\"zxx\" align=\"left\"><span style=\"color: #000000\"><span style=\"font-family: Open Sans\"><span style=\"font-size: medium\"><b>Sta\u017c na stopie\u0144 nauczyciela kontraktowego<\/b><\/span><\/span><\/span><\/h5><table width=\"813\" cellspacing=\"0\" cellpadding=\"5\" bgcolor=\"#ffffff\"><tbody><tr><td width=\"172\"><p lang=\"zxx\" align=\"center\"><b>Zatrudnienie<\/b><\/p><\/td><td valign=\"top\" width=\"619\"><p lang=\"zxx\" align=\"center\">zgodnie z kwalifikacjami<\/p><p lang=\"zxx\" align=\"center\">w wymiarze co najmniej \u00bd etatu<\/p><\/td><\/tr><tr><td width=\"172\"><p lang=\"zxx\" align=\"center\"><b>Termin rozpocz\u0119cia sta\u017cu<\/b><\/p><\/td><td valign=\"top\" width=\"619\"><p lang=\"zxx\" align=\"center\">1 wrze\u015bnia lub innego dnia wrze\u015bnia &#8211; nie p\u00f3\u017aniej ni\u017c 14 dni od dnia rozpocz\u0119cia zaj\u0119\u0107<\/p><\/td><\/tr><tr><td width=\"172\"><p lang=\"zxx\" align=\"center\"><b>Wniosek o rozpocz\u0119cie sta\u017cu<\/b><\/p><\/td><td valign=\"top\" width=\"619\"><p lang=\"zxx\" align=\"center\">nauczyciel sta\u017cysta rozpoczyna sta\u017c bez z\u0142o\u017cenia wniosku<\/p><\/td><\/tr><tr><td width=\"172\"><p lang=\"zxx\" align=\"center\"><b>Opiekun sta\u017cu<\/b><\/p><\/td><td valign=\"top\" width=\"619\"><p lang=\"zxx\" align=\"center\">przydzielony przez dyrektora szko\u0142y<\/p><p lang=\"zxx\" align=\"center\">opiekunem mo\u017ce by\u0107 nauczyciel mianowany lub dyplomowany<\/p><\/td><\/tr><tr><td width=\"172\"><p lang=\"zxx\" align=\"center\"><b>Plan rozwoju zawodowego<\/b><\/p><\/td><td valign=\"top\" width=\"619\"><p lang=\"zxx\" align=\"center\">w przygotowaniu projektu planu pomaga opiekun sta\u017cu<\/p><p lang=\"zxx\" align=\"center\">nauczyciel przedk\u0142ada projekt planu w terminie 20 dni od dnia rozpocz\u0119cia zaj\u0119\u0107<\/p><p lang=\"zxx\" align=\"center\">projekt planu uwzgl\u0119dnia wymagania niezb\u0119dne do uzyskania stopnia nauczyciela kontraktowego<\/p><p lang=\"zxx\" align=\"center\">dyrektor zatwierdza projekt planu w terminie 30 dni od dnia rozpocz\u0119cia zaj\u0119\u0107<\/p><\/td><\/tr><tr><td width=\"172\"><p lang=\"zxx\" align=\"center\"><b>Powinno\u015bci nauczyciela w okresie odbywania sta\u017cu<\/b><\/p><\/td><td valign=\"top\" width=\"619\"><p lang=\"zxx\" align=\"center\">poznawanie organizacji, zada\u0144 i zasad funkcjonowania szko\u0142y, w tym: przepis\u00f3w zwi\u0105zanych z funkcjonowaniem szko\u0142y, sposobu prowadzenia dokumentacji obowi\u0105zuj\u0105cej w szkole, przepis\u00f3w dotycz\u0105cych zapewnienia bezpiecznych i higienicznych warunk\u00f3w nauki i pracy<\/p><p lang=\"zxx\" align=\"center\">uczestniczenie jako obserwator w zaj\u0119ciach prowadzonych przez opiekuna sta\u017cu lub innych nauczycieli, w wymiarze co najmniej jednej godziny zaj\u0119\u0107 w miesi\u0105cu, oraz omawianie z prowadz\u0105cym obserwowanych zaj\u0119\u0107<\/p><p lang=\"zxx\" align=\"center\">prowadzenie zaj\u0119\u0107 z uczniami, w obecno\u015bci opiekuna sta\u017cu lub dyrektora szko\u0142y, w wymiarze co najmniej jednej godziny zaj\u0119\u0107 w miesi\u0105cu, oraz omawianie ich z osob\u0105, w obecno\u015bci kt\u00f3rej zosta\u0142y przeprowadzone<\/p><p lang=\"zxx\" align=\"center\">uczestniczenie w wewn\u0105trzszkolnych formach doskonalenia zawodowego nauczycieli<\/p><\/td><\/tr><tr><td width=\"172\"><p lang=\"zxx\" align=\"center\"><b>Wymagania niezb\u0119dne do uzyskania stopnia nauczyciela kontraktowego<\/b><\/p><\/td><td valign=\"top\" width=\"619\"><p lang=\"zxx\" align=\"center\">znajomo\u015b\u0107 organizacji, zada\u0144 i zasad funkcjonowania szko\u0142y<\/p><p lang=\"zxx\" align=\"center\">umiej\u0119tno\u015b\u0107 prowadzenia zaj\u0119\u0107 w spos\u00f3b zapewniaj\u0105cy w\u0142a\u015bciw\u0105 realizacj\u0119 statutowych zada\u0144 szko\u0142y<\/p><p lang=\"zxx\" align=\"center\">znajomo\u015b\u0107 \u015brodowiska uczni\u00f3w, ich problem\u00f3w oraz umiej\u0119tno\u015b\u0107 wsp\u00f3\u0142pracy ze \u015brodowiskiem uczni\u00f3w<\/p><p lang=\"zxx\" align=\"center\">umiej\u0119tno\u015b\u0107 omawiania prowadzonych i obserwowanych zaj\u0119\u0107<\/p><\/td><\/tr><tr><td width=\"172\"><p lang=\"zxx\" align=\"center\"><b>Sta\u017c (trwa 9 miesi\u0119cy)<\/b><\/p><\/td><td valign=\"top\" width=\"619\"><p lang=\"zxx\" align=\"center\">realizacja dzia\u0142a\u0144 zaplanowanych w planie rozwoju<\/p><p lang=\"zxx\" align=\"center\">opiekun sta\u017cu udziela nauczycielowi pomocy w realizacji dzia\u0142a\u0144<\/p><p lang=\"zxx\" align=\"center\">dyrektor szko\u0142y zapewnia warunki do realizacji planu<\/p><\/td><\/tr><tr><td width=\"172\"><p lang=\"zxx\" align=\"center\"><b>Sprawozdanie<\/b><\/p><\/td><td valign=\"top\" width=\"619\"><p lang=\"zxx\" align=\"center\">nauczyciel sk\u0142ada w terminie 30 dni od dnia zako\u0144czenia sta\u017cu<\/p><\/td><\/tr><tr><td width=\"172\"><p lang=\"zxx\" align=\"center\"><b>Ocena dorobku zawodowego<\/b><\/p><\/td><td valign=\"top\" width=\"619\"><p lang=\"zxx\" align=\"center\">mo\u017ce by\u0107 pozytywna lub negatywna<\/p><p lang=\"zxx\" align=\"center\">uwzgl\u0119dnia stopie\u0144 realizacji planu<\/p><p lang=\"zxx\" align=\"center\">projekt oceny opracowuje opiekun sta\u017cu w terminie 14 dni od dnia zako\u0144czenia sta\u017cu<\/p><p lang=\"zxx\" align=\"center\">dyrektor ustala ocen\u0119 w terminie 21 dni od dnia z\u0142o\u017cenia sprawozdania<\/p><p lang=\"zxx\" align=\"center\">przed ustaleniem oceny dyrektor zasi\u0119ga opinii rady rodzic\u00f3w<\/p><\/td><\/tr><tr><td width=\"172\"><p lang=\"zxx\" align=\"center\"><b>Wniosek o podj\u0119cie post\u0119powania kwalifikacyjnego<\/b><\/p><\/td><td valign=\"top\" width=\"619\"><p lang=\"zxx\" align=\"center\">po uzyskaniu pozytywnej oceny dorobku zawodowego<\/p><p lang=\"zxx\" align=\"center\">nauczyciel sk\u0142ada wniosek do dyrektora szko\u0142y<\/p><p lang=\"zxx\" align=\"center\">termin z\u0142o\u017cenia wniosku &#8211; w roku uzyskania pozytywnej oceny dorobku zawodowego<\/p><\/td><\/tr><\/tbody><\/table><h5 class=\"western\" lang=\"zxx\" align=\"left\"><span style=\"color: #000000\"><span style=\"font-family: Open Sans\"><span style=\"font-size: medium\"><b>Sta\u017c na stopie\u0144 nauczyciela mianowanego<\/b><\/span><\/span><\/span><\/h5><table width=\"813\" cellspacing=\"0\" cellpadding=\"5\" bgcolor=\"#ffffff\"><tbody><tr><td width=\"172\"><p lang=\"zxx\" align=\"center\"><b>Zatrudnienie<\/b><\/p><\/td><td valign=\"top\" width=\"619\"><p lang=\"zxx\" align=\"center\">zgodnie z kwalifikacjami<\/p><p lang=\"zxx\" align=\"center\">w wymiarze co najmniej \u00bd etatu<\/p><\/td><\/tr><tr><td width=\"172\"><p lang=\"zxx\" align=\"center\"><b>Termin rozpocz\u0119cia sta\u017cu<\/b><\/p><\/td><td valign=\"top\" width=\"619\"><p lang=\"zxx\" align=\"center\">po przepracowaniu w szkole co najmniej dw\u00f3ch lat od dnia nadania stopnia kontraktowego<\/p><p lang=\"zxx\" align=\"center\">1 wrze\u015bnia lub innego dnia wrze\u015bnia &#8211; nie p\u00f3\u017aniej ni\u017c 14 dni od dnia rozpocz\u0119cia zaj\u0119\u0107<\/p><\/td><\/tr><tr><td width=\"172\"><p lang=\"zxx\" align=\"center\"><b>Wniosek o rozpocz\u0119cie sta\u017cu<\/b><\/p><\/td><td valign=\"top\" width=\"619\"><p lang=\"zxx\" align=\"center\">nauczyciel sk\u0142ada wniosek 1 wrze\u015bnia lub innego dnia wrze\u015bnia &#8211; nie p\u00f3\u017aniej ni\u017c 14 dni od dnia rozpocz\u0119cia zaj\u0119\u0107<\/p><\/td><\/tr><tr><td width=\"172\"><p lang=\"zxx\" align=\"center\"><b>Opiekun sta\u017cu<\/b><\/p><\/td><td valign=\"top\" width=\"619\"><p lang=\"zxx\" align=\"center\">przydzielony przez dyrektora szko\u0142y<\/p><p lang=\"zxx\" align=\"center\">opiekunem mo\u017ce by\u0107 nauczyciel mianowany lub dyplomowany<\/p><\/td><\/tr><tr><td width=\"172\"><p lang=\"zxx\" align=\"center\"><b>Plan rozwoju zawodowego<\/b><\/p><\/td><td valign=\"top\" width=\"619\"><p lang=\"zxx\" align=\"center\">w przygotowaniu projektu planu pomaga opiekun sta\u017cu<\/p><p lang=\"zxx\" align=\"center\">nauczyciel za\u0142\u0105cza projekt planu do wniosku o rozpocz\u0119cie sta\u017cu<\/p><p lang=\"zxx\" align=\"center\">projekt planu uwzgl\u0119dnia wymagania niezb\u0119dne do uzyskania stopnia nauczyciela mianowanego<\/p><p lang=\"zxx\" align=\"center\">dyrektor zatwierdza projekt planu w terminie 30 dni od dnia rozpocz\u0119cia zaj\u0119\u0107<\/p><\/td><\/tr><tr><td width=\"172\"><p lang=\"zxx\" align=\"center\"><b>Powinno\u015bci nauczyciela w okresie odbywania sta\u017cu<\/b><\/p><\/td><td valign=\"top\" width=\"619\"><p lang=\"zxx\" align=\"center\">uczestniczenie w pracach organ\u00f3w szko\u0142y zwi\u0105zanych z realizacj\u0105 zada\u0144 dydaktycznych, wychowawczych, opieku\u0144czych lub innych wynikaj\u0105cych ze statutu szko\u0142y oraz potrzeb szko\u0142y i \u015brodowiska lokalnego<\/p><p lang=\"zxx\" align=\"center\">pog\u0142\u0119bianie wiedzy i umiej\u0119tno\u015bci zawodowych, samodzielnie lub przez udzia\u0142 w r\u00f3\u017cnych formach kszta\u0142cenia ustawicznego<\/p><p lang=\"zxx\" align=\"center\">poznawanie przepis\u00f3w dotycz\u0105cych systemu o\u015bwiaty z uwzgl\u0119dnieniem specyfiki typu i rodzaju szko\u0142y, w kt\u00f3rej nauczyciel odbywa sta\u017c<\/p><\/td><\/tr><tr><td width=\"172\"><p lang=\"zxx\" align=\"center\"><b>Wymagania niezb\u0119dne do uzyskania stopnia nauczyciela mianowanego<\/b><\/p><\/td><td valign=\"top\" width=\"619\"><p lang=\"zxx\" align=\"center\">umiej\u0119tno\u015b\u0107 organizacji i doskonalenia warsztatu pracy, dokonywania ewaluacji w\u0142asnych dzia\u0142a\u0144, a tak\u017ce oceniania ich skuteczno\u015bci i dokonywania zmian w tych dzia\u0142aniach<\/p><p lang=\"zxx\" align=\"center\">umiej\u0119tno\u015b\u0107 uwzgl\u0119dniania w pracy potrzeb rozwojowych uczni\u00f3w, problematyki \u015brodowiska lokalnego oraz wsp\u00f3\u0142czesnych problem\u00f3w spo\u0142ecznych i cywilizacyjnych<\/p><p lang=\"zxx\" align=\"center\">umiej\u0119tno\u015b\u0107 wykorzystywania w pracy technologii informacyjnej i komunikacyjnej<\/p><p lang=\"zxx\" align=\"center\">umiej\u0119tno\u015b\u0107 zastosowania wiedzy z zakresu psychologii, pedagogiki i dydaktyki oraz og\u00f3lnych zagadnie\u0144 z zakresu o\u015bwiaty, pomocy spo\u0142ecznej lub post\u0119powania w sprawach nieletnich, w rozwi\u0105zywaniu problem\u00f3w zwi\u0105zanych z zakresem realizowanych przez nauczyciela zada\u0144<\/p><p lang=\"zxx\" align=\"center\">umiej\u0119tno\u015b\u0107 pos\u0142ugiwania si\u0119 przepisami dotycz\u0105cymi systemu o\u015bwiaty, pomocy spo\u0142ecznej lub post\u0119powania w sprawach nieletnich, w zakresie funkcjonowania szko\u0142y, w kt\u00f3rej nauczyciel odbywa\u0142 sta\u017c<\/p><\/td><\/tr><tr><td width=\"172\"><p lang=\"zxx\" align=\"center\"><b>Sta\u017c (trwa 2 lata<br \/>i 9 miesi\u0119cy)<\/b><\/p><\/td><td valign=\"top\" width=\"619\"><p lang=\"zxx\" align=\"center\">realizacja dzia\u0142a\u0144 zaplanowanych w planie rozwoju<\/p><p lang=\"zxx\" align=\"center\">opiekun sta\u017cu udziela nauczycielowi pomocy w realizacji dzia\u0142a\u0144<\/p><p lang=\"zxx\" align=\"center\">dyrektor szko\u0142y zapewnia warunki do realizacji planu<\/p><\/td><\/tr><tr><td width=\"172\"><p lang=\"zxx\" align=\"center\"><b>Sprawozdanie<\/b><\/p><\/td><td valign=\"top\" width=\"619\"><p lang=\"zxx\" align=\"center\">nauczyciel sk\u0142ada w terminie 30 dni od dnia zako\u0144czenia sta\u017cu<\/p><\/td><\/tr><tr><td width=\"172\"><p lang=\"zxx\" align=\"center\"><b>Ocena dorobku zawodowego<\/b><\/p><\/td><td valign=\"top\" width=\"619\"><p lang=\"zxx\" align=\"center\">mo\u017ce by\u0107 pozytywna lub negatywna<\/p><p lang=\"zxx\" align=\"center\">uwzgl\u0119dnia stopie\u0144 realizacji planu<\/p><p lang=\"zxx\" align=\"center\">projekt oceny opracowuje opiekun sta\u017cu w terminie 14 dni od dnia zako\u0144czenia sta\u017cu<\/p><p lang=\"zxx\" align=\"center\">dyrektor ustala ocen\u0119 w terminie 21 dni od dnia z\u0142o\u017cenia sprawozdania<\/p><p lang=\"zxx\" align=\"center\">przed ustaleniem oceny dyrektor zasi\u0119ga opinii rady rodzic\u00f3w<\/p><\/td><\/tr><tr><td width=\"172\"><p lang=\"zxx\" align=\"center\"><b>Wniosek o podj\u0119cie post\u0119powania egzaminacyjnego<\/b><\/p><\/td><td valign=\"top\" width=\"619\"><p lang=\"zxx\" align=\"center\">po uzyskaniu pozytywnej oceny dorobku zawodowego<\/p><p lang=\"zxx\" align=\"center\">nauczyciel sk\u0142ada wniosek do organu prowadz\u0105cego szko\u0142\u0119<\/p><p lang=\"zxx\" align=\"center\">termin z\u0142o\u017cenia wniosku &#8211; w roku uzyskania pozytywnej oceny dorobku zawodowego<\/p><\/td><\/tr><\/tbody><\/table><h5 class=\"western\" lang=\"zxx\" align=\"left\"><span style=\"color: #000000\"><span style=\"font-family: Open Sans\"><span style=\"font-size: medium\"><b>Sta\u017c na stopie\u0144 nauczyciela dyplomowanego<\/b><\/span><\/span><\/span><\/h5><table width=\"813\" cellspacing=\"0\" cellpadding=\"5\" bgcolor=\"#ffffff\"><tbody><tr><td width=\"172\"><p lang=\"zxx\" align=\"center\"><b>Zatrudnienie<\/b><\/p><\/td><td valign=\"top\" width=\"619\"><p lang=\"zxx\" align=\"center\">zgodnie z kwalifikacjami<\/p><p lang=\"zxx\" align=\"center\">w wymiarze co najmniej \u00bd etatu<\/p><\/td><\/tr><tr><td width=\"172\"><p lang=\"zxx\" align=\"center\"><b>Termin rozpocz\u0119cia sta\u017cu<\/b><\/p><\/td><td valign=\"top\" width=\"619\"><p lang=\"zxx\" align=\"center\">po przepracowaniu w szkole co najmniej roku od dnia nadania stopnia mianowanego<\/p><p lang=\"zxx\" align=\"center\">1 wrze\u015bnia lub innego dnia wrze\u015bnia &#8211; nie p\u00f3\u017aniej ni\u017c 14 dni od dnia rozpocz\u0119cia zaj\u0119\u0107<\/p><\/td><\/tr><tr><td width=\"172\"><p lang=\"zxx\" align=\"center\"><b>Wniosek o rozpocz\u0119cie sta\u017cu<\/b><\/p><\/td><td valign=\"top\" width=\"619\"><p lang=\"zxx\" align=\"center\">nauczyciel sk\u0142ada wniosek 1 wrze\u015bnia lub innego dnia wrze\u015bnia &#8211; nie p\u00f3\u017aniej ni\u017c 14 dni od dnia rozpocz\u0119cia zaj\u0119\u0107<\/p><\/td><\/tr><tr><td width=\"172\"><p lang=\"zxx\" align=\"center\"><b>Opiekun sta\u017cu<\/b><\/p><\/td><td valign=\"top\" width=\"619\"><p lang=\"zxx\" align=\"center\">nauczyciel realizuje sta\u017c bez opiekuna<\/p><\/td><\/tr><tr><td width=\"172\"><p lang=\"zxx\" align=\"center\"><b>Plan rozwoju zawodowego<\/b><\/p><\/td><td valign=\"top\" width=\"619\"><p lang=\"zxx\" align=\"center\">nauczyciel opracowuje samodzielnie projekt planu i za\u0142\u0105cza projekt planu do wniosku o rozpocz\u0119cie sta\u017cu<\/p><p lang=\"zxx\" align=\"center\">projekt planu uwzgl\u0119dnia wymagania niezb\u0119dne do uzyskania stopnia nauczyciela dyplomowanego<\/p><p lang=\"zxx\" align=\"center\">dyrektor zatwierdza projekt planu w terminie 30 dni od dnia rozpocz\u0119cia zaj\u0119\u0107<\/p><\/td><\/tr><tr><td width=\"172\"><p lang=\"zxx\" align=\"center\"><b>Powinno\u015bci nauczyciela w okresie odbywania sta\u017cu<\/b><\/p><\/td><td valign=\"top\" width=\"619\"><p lang=\"zxx\" align=\"center\">podejmowanie dzia\u0142a\u0144 maj\u0105cych na celu doskonalenie warsztatu i metod pracy, w tym doskonalenie umiej\u0119tno\u015bci stosowania technologii informacyjnej i komunikacyjnej<\/p><p lang=\"zxx\" align=\"center\">realizowanie zada\u0144 s\u0142u\u017c\u0105cych podniesieniu jako\u015bci pracy szko\u0142y<\/p><p lang=\"zxx\" align=\"center\">pog\u0142\u0119bianie wiedzy i umiej\u0119tno\u015bci s\u0142u\u017c\u0105cych w\u0142asnemu rozwojowi oraz podniesieniu jako\u015bci pracy szko\u0142y, samodzielnie lub przez udzia\u0142 w r\u00f3\u017cnych formach kszta\u0142cenia ustawicznego z uwzgl\u0119dnieniem specyfiki typu i rodzaju szko\u0142y, w kt\u00f3rej nauczyciel odbywa sta\u017c<\/p><\/td><\/tr><tr><td width=\"172\"><p lang=\"zxx\" align=\"center\"><b>Wymagania niezb\u0119dne do uzyskania stopnia nauczyciela dyplomowanego<\/b><\/p><\/td><td valign=\"top\" width=\"619\"><p lang=\"zxx\" align=\"center\">uzyskanie pozytywnych efekt\u00f3w w pracy dydaktycznej, wychowawczej lub opieku\u0144czej na skutek wdro\u017cenia dzia\u0142a\u0144 maj\u0105cych na celu doskonalenie pracy w\u0142asnej i podniesienie jako\u015bci pracy szko\u0142y<\/p><p lang=\"zxx\" align=\"center\">wykorzystywanie w pracy technologii informacyjnej i komunikacyjnej<\/p><p lang=\"zxx\" align=\"center\">umiej\u0119tno\u015b\u0107 dzielenia si\u0119 swoj\u0105 wiedz\u0105 i do\u015bwiadczeniem z innymi nauczycielami, w tym przez prowadzenie otwartych zaj\u0119\u0107, w szczeg\u00f3lno\u015bci dla nauczycieli sta\u017cyst\u00f3w i nauczycieli kontraktowych, prowadzenie zaj\u0119\u0107 dla nauczycieli w ramach wewn\u0105trzszkolnego doskonalenia zawodowego lub innych zaj\u0119\u0107<\/p><p lang=\"zxx\" align=\"center\"><b>Realizacja co najmniej trzech z nast\u0119puj\u0105cych zada\u0144:<\/b><\/p><p lang=\"zxx\" align=\"center\">opracowanie i wdro\u017cenie programu dzia\u0142a\u0144 edukacyjnych, wychowawczych, opieku\u0144czych lub innych zwi\u0105zanych odpowiednio z o\u015bwiat\u0105, pomoc\u0105 spo\u0142eczn\u0105 lub post\u0119powaniem w sprawach nieletnich<\/p><p lang=\"zxx\" align=\"center\">wykonywanie zada\u0144 doradcy metodycznego, egzaminatora okr\u0119gowej komisji egzaminacyjnej, eksperta komisji kwalifikacyjnej lub egzaminacyjnej dla nauczycieli ubiegaj\u0105cych si\u0119 o awans zawodowy, rzeczoznawcy ds program\u00f3w nauczania, podr\u0119cznik\u00f3w, \u015brodk\u00f3w dydaktycznych, program\u00f3w wychowania przedszkolnego; w przypadku nauczycieli szk\u00f3\u0142 artystycznych &#8211; tak\u017ce konsultanta Centrum Edukacji Artystycznej<\/p><p lang=\"zxx\" align=\"center\">poszerzenie zakresu dzia\u0142a\u0144 szko\u0142y, w szczeg\u00f3lno\u015bci dotycz\u0105cych zada\u0144 dydaktycznych, wychowawczych lub opieku\u0144czych<\/p><p lang=\"zxx\" align=\"center\">uzyskanie umiej\u0119tno\u015bci pos\u0142ugiwania si\u0119 j\u0119zykiem obcym na poziomie zaawansowanym, a w przypadku nauczycieli j\u0119zyk\u00f3w obcych uzyskanie umiej\u0119tno\u015bci pos\u0142ugiwania si\u0119 drugim j\u0119zykiem obcym na poziomie zaawansowanym<\/p><p lang=\"zxx\" align=\"center\">wykonywanie zada\u0144 na rzecz o\u015bwiaty, pomocy spo\u0142ecznej lub post\u0119powania w sprawach nieletnich we wsp\u00f3\u0142pracy z innymi osobami, instytucjami samorz\u0105dowymi lub innymi podmiotami<\/p><p lang=\"zxx\" align=\"center\">uzyskanie innych znacz\u0105cych osi\u0105gni\u0119\u0107 w pracy zawodowej.<\/p><p lang=\"zxx\" align=\"center\">Wymaganiem niezb\u0119dnym jest umiej\u0119tno\u015b\u0107 rozpoznawania i rozwi\u0105zywania problem\u00f3w edukacyjnych, wychowawczych lub innych z uwzgl\u0119dnieniem specyfiki typu i rodzaju szko\u0142y, w kt\u00f3rej nauczyciel jest zatrudniony.<\/p><\/td><\/tr><tr><td width=\"172\"><p lang=\"zxx\" align=\"center\"><b>Sta\u017c (trwa 2 lata i 9 miesi\u0119cy)<\/b><\/p><\/td><td valign=\"top\" width=\"619\"><p lang=\"zxx\" align=\"center\">realizacja dzia\u0142a\u0144 zaplanowanych w planie rozwoju<\/p><p lang=\"zxx\" align=\"center\">dyrektor szko\u0142y zapewnia warunki do realizacji planu<\/p><\/td><\/tr><tr><td width=\"172\"><p lang=\"zxx\" align=\"center\"><b>Sprawozdanie<\/b><\/p><\/td><td valign=\"top\" width=\"619\"><p lang=\"zxx\" align=\"center\">nauczyciel sk\u0142ada w terminie 30 dni od dnia zako\u0144czenia sta\u017cu<\/p><\/td><\/tr><tr><td width=\"172\"><p lang=\"zxx\" align=\"center\"><b>Ocena dorobku zawodowego<\/b><\/p><\/td><td valign=\"top\" width=\"619\"><p lang=\"zxx\" align=\"center\">mo\u017ce by\u0107 pozytywna lub negatywna<\/p><p lang=\"zxx\" align=\"center\">uwzgl\u0119dnia stopie\u0144 realizacji planu<\/p><p lang=\"zxx\" align=\"center\">dyrektor ustala ocen\u0119 w terminie 21 dni od dnia z\u0142o\u017cenia sprawozdania<\/p><p lang=\"zxx\" align=\"center\">przed ustaleniem oceny dyrektor zasi\u0119ga opinii rady rodzic\u00f3w<\/p><\/td><\/tr><tr><td width=\"172\"><p lang=\"zxx\" align=\"center\"><b>Wniosek o podj\u0119cie post\u0119powania kwalifikacyjnego<\/b><\/p><\/td><td valign=\"top\" width=\"619\"><p lang=\"zxx\" align=\"center\">nauczyciel sk\u0142ada wniosek do kuratora o\u015bwiaty:<\/p><p lang=\"zxx\" align=\"center\">po uzyskaniu pozytywnej oceny dorobku zawodowego<\/p><p lang=\"zxx\" align=\"center\">termin z\u0142o\u017cenia wniosku &#8211; w okresie 3 lat od dnia otrzymania pozytywnej oceny dorobku zawodowego<\/p><\/td><\/tr><\/tbody><\/table><ul><li><p align=\"left\"><a href=\"https:\/\/www.portaloswiatowy.pl\/awans-zawodowy\/ustawa-z-26-stycznia-1982-r.-karta-nauczyciela-tekst-jedn.-dz.u.-z-2017-r.-poz.-1189-10459.html\" target=\"_blank\" rel=\"noopener\"><span style=\"color: #000000\"><span style=\"font-family: Open Sans\"><span style=\"font-size: xx-small\"><span lang=\"zxx\">Ustawa z 26 stycznia 1982 r. &#8211; Karta Nauczyciela (Dz.U. z 2006 r., Nr 97, poz. 674 ze zm.)<\/span><\/span><\/span><\/span><\/a><span style=\"color: #000000\"><span style=\"font-family: Roboto, sans-serif\"><span style=\"font-size: medium\"><span lang=\"zxx\">\u00a0<\/span><\/span><\/span><\/span><span style=\"color: #000000\"><span style=\"font-family: Open Sans\"><span style=\"font-size: xx-small\"><span lang=\"zxx\">&#8211;\u00a0<\/span><\/span><\/span><\/span><a href=\"https:\/\/www.portaloswiatowy.pl\/awans-zawodowy\/ustawa-z-26-stycznia-1982-r.-karta-nauczyciela-tekst-jedn.-dz.u.-z-2017-r.-poz.-1189-10459.html#c_0_k_0_t_0_d_0_r_1_o_0_a_3_u_0_p_3_l_0_i_0\" target=\"_blank\" rel=\"noopener\"><span style=\"color: #000000\"><span style=\"font-family: Open Sans\"><span style=\"font-size: xx-small\"><span lang=\"zxx\">art. 3 pkt 3<\/span><\/span><\/span><\/span><\/a><span style=\"color: #000000\"><span style=\"font-family: Open Sans\"><span style=\"font-size: xx-small\"><span lang=\"zxx\">,\u00a0<\/span><\/span><\/span><\/span><a href=\"https:\/\/www.portaloswiatowy.pl\/awans-zawodowy\/ustawa-z-26-stycznia-1982-r.-karta-nauczyciela-tekst-jedn.-dz.u.-z-2017-r.-poz.-1189-10459.html#c_0_k_0_t_0_d_0_r_3a_o_0_a_9c_u_1_p_0_l_0_i_0\" target=\"_blank\" rel=\"noopener\"><span style=\"color: #000000\"><span style=\"font-family: Open Sans\"><span style=\"font-size: xx-small\"><span lang=\"zxx\">art. 9c ust.1<\/span><\/span><\/span><\/span><\/a><span style=\"color: #000000\"><span style=\"font-family: Open Sans\"><span style=\"font-size: xx-small\"><span lang=\"zxx\">,\u00a0<\/span><\/span><\/span><\/span><a href=\"https:\/\/www.portaloswiatowy.pl\/awans-zawodowy\/ustawa-z-26-stycznia-1982-r.-karta-nauczyciela-tekst-jedn.-dz.u.-z-2017-r.-poz.-1189-10459.html#c_0_k_0_t_0_d_0_r_3a_o_0_a_9c_u_3_p_0_l_0_i_0\" target=\"_blank\" rel=\"noopener\"><span style=\"color: #000000\"><span style=\"font-family: Open Sans\"><span style=\"font-size: xx-small\"><span lang=\"zxx\">ust. 3<\/span><\/span><\/span><\/span><\/a><span style=\"color: #000000\"><span style=\"font-family: Open Sans\"><span style=\"font-size: xx-small\"><span lang=\"zxx\">,\u00a0<\/span><\/span><\/span><\/span><a href=\"https:\/\/www.portaloswiatowy.pl\/awans-zawodowy\/ustawa-z-26-stycznia-1982-r.-karta-nauczyciela-tekst-jedn.-dz.u.-z-2017-r.-poz.-1189-10459.html#c_0_k_0_t_0_d_0_r_3a_o_0_a_9c_u_4_p_0_l_0_i_0\" target=\"_blank\" rel=\"noopener\"><span style=\"color: #000000\"><span style=\"font-family: Open Sans\"><span style=\"font-size: xx-small\"><span lang=\"zxx\">ust. 4<\/span><\/span><\/span><\/span><\/a><span style=\"color: #000000\"><span style=\"font-family: Open Sans\"><span style=\"font-size: xx-small\"><span lang=\"zxx\">,\u00a0<\/span><\/span><\/span><\/span><a href=\"https:\/\/www.portaloswiatowy.pl\/awans-zawodowy\/ustawa-z-26-stycznia-1982-r.-karta-nauczyciela-tekst-jedn.-dz.u.-z-2017-r.-poz.-1189-10459.html#c_0_k_0_t_0_d_0_r_3a_o_0_a_9c_u_5_p_0_l_0_i_0\" target=\"_blank\" rel=\"noopener\"><span style=\"color: #000000\"><span style=\"font-family: Open Sans\"><span style=\"font-size: xx-small\"><span lang=\"zxx\">ust. 5<\/span><\/span><\/span><\/span><\/a><span style=\"color: #000000\"><span style=\"font-family: Open Sans\"><span style=\"font-size: xx-small\"><span lang=\"zxx\">,\u00a0<\/span><\/span><\/span><\/span><a href=\"https:\/\/www.portaloswiatowy.pl\/awans-zawodowy\/ustawa-z-26-stycznia-1982-r.-karta-nauczyciela-tekst-jedn.-dz.u.-z-2017-r.-poz.-1189-10459.html#c_0_k_0_t_0_d_0_r_3a_o_0_a_9c_u_6_p_1_l_0_i_0\" target=\"_blank\" rel=\"noopener\"><span style=\"color: #000000\"><span style=\"font-family: Open Sans\"><span style=\"font-size: xx-small\"><span lang=\"zxx\">ust. 6 pkt 1<\/span><\/span><\/span><\/span><\/a><span style=\"color: #000000\"><span style=\"font-family: Open Sans\"><span style=\"font-size: xx-small\"><span lang=\"zxx\">,\u00a0<\/span><\/span><\/span><\/span><a href=\"https:\/\/www.portaloswiatowy.pl\/awans-zawodowy\/ustawa-z-26-stycznia-1982-r.-karta-nauczyciela-tekst-jedn.-dz.u.-z-2017-r.-poz.-1189-10459.html#c_0_k_0_t_0_d_0_r_3a_o_0_a_9c_u_8_p_0_l_0_i_0\" target=\"_blank\" rel=\"noopener\"><span style=\"color: #000000\"><span style=\"font-family: Open Sans\"><span style=\"font-size: xx-small\"><span lang=\"zxx\">ust. 8<\/span><\/span><\/span><\/span><\/a><span style=\"color: #000000\"><span style=\"font-family: Open Sans\"><span style=\"font-size: xx-small\"><span lang=\"zxx\">,\u00a0<\/span><\/span><\/span><\/span><a href=\"https:\/\/www.portaloswiatowy.pl\/awans-zawodowy\/ustawa-z-26-stycznia-1982-r.-karta-nauczyciela-tekst-jedn.-dz.u.-z-2017-r.-poz.-1189-10459.html#c_0_k_0_t_0_d_0_r_3a_o_0_a_9d_u_1_p_0_l_0_i_0\" target=\"_blank\" rel=\"noopener\"><span style=\"color: #000000\"><span style=\"font-family: Open Sans\"><span style=\"font-size: xx-small\"><span lang=\"zxx\">art. 9d ust. 1<\/span><\/span><\/span><\/span><\/a><span style=\"color: #000000\"><span style=\"font-family: Open Sans\"><span style=\"font-size: xx-small\"><span lang=\"zxx\">,\u00a0<\/span><\/span><\/span><\/span><a href=\"https:\/\/www.portaloswiatowy.pl\/awans-zawodowy\/ustawa-z-26-stycznia-1982-r.-karta-nauczyciela-tekst-jedn.-dz.u.-z-2017-r.-poz.-1189-10459.html#c_0_k_0_t_0_d_0_r_3a_o_0_a_9d_u_4_p_0_l_0_i_0\" target=\"_blank\" rel=\"noopener\"><span style=\"color: #000000\"><span style=\"font-family: Open Sans\"><span style=\"font-size: xx-small\"><span lang=\"zxx\">ust. 4<\/span><\/span><\/span><\/span><\/a><span style=\"color: #000000\"><span style=\"font-family: Open Sans\"><span style=\"font-size: xx-small\"><span lang=\"zxx\">,\u00a0<\/span><\/span><\/span><\/span><a href=\"https:\/\/www.portaloswiatowy.pl\/awans-zawodowy\/ustawa-z-26-stycznia-1982-r.-karta-nauczyciela-tekst-jedn.-dz.u.-z-2017-r.-poz.-1189-10459.html#c_0_k_0_t_0_d_0_r_3a_o_0_a_9d_u_7_p_0_l_0_i_0\" target=\"_blank\" rel=\"noopener\"><span style=\"color: #000000\"><span style=\"font-family: Open Sans\"><span style=\"font-size: xx-small\"><span lang=\"zxx\">ust. 7<\/span><\/span><\/span><\/span><\/a><span style=\"color: #000000\"><span style=\"font-family: Open Sans\"><span style=\"font-size: xx-small\"><span lang=\"zxx\">.<\/span><\/span><\/span><\/span><\/p><\/li><li><p align=\"left\"><a href=\"https:\/\/www.portaloswiatowy.pl\/awans-zawodowy\/rozporzadzenie-ministra-edukacji-narodowej-i-sportu-z-dnia-1-grudnia-2004-r.-w-sprawie-uzyskiwania-stopni-awansu-zawodowego-przez-nauczycieli-dz.u.-z-2004-r.-nr-260-poz.-2593-4256.html\" target=\"_blank\" rel=\"noopener\"><span style=\"color: #000000\"><span style=\"font-family: Open Sans\"><span style=\"font-size: xx-small\"><span lang=\"zxx\">Rozporz\u0105dzenie Ministra Edukacji Narodowej i Sportu z 1 grudnia 2004 r. w sprawie uzyskiwania stopni awansu zawodowego przez nauczycieli (Dz.U. z 2004 r., Nr 260, poz. 2593 ze zm.)<\/span><\/span><\/span><\/span><\/a><span style=\"color: #000000\"><span style=\"font-family: Roboto, sans-serif\"><span style=\"font-size: medium\"><span lang=\"zxx\">\u00a0<\/span><\/span><\/span><\/span><span style=\"color: #000000\"><span style=\"font-family: Open Sans\"><span style=\"font-size: xx-small\"><span lang=\"zxx\">&#8211;\u00a0<\/span><\/span><\/span><\/span><a href=\"https:\/\/www.portaloswiatowy.pl\/awans-zawodowy\/rozporzadzenie-ministra-edukacji-narodowej-i-sportu-z-dnia-1-grudnia-2004-r.-w-sprawie-uzyskiwania-stopni-awansu-zawodowego-przez-nauczycieli-dz.u.-z-2004-r.-nr-260-poz.-2593-4256.html#c_0_k_0_t_0_d_0_r_0_o_0_a_0_g_3_u_1_p_0_l_0_i_0\" target=\"_blank\" rel=\"noopener\"><span style=\"color: #000000\"><span style=\"font-family: Open Sans\"><span style=\"font-size: xx-small\"><span lang=\"zxx\">\u00a7 3 ust. 1<\/span><\/span><\/span><\/span><\/a><span style=\"color: #000000\"><span style=\"font-family: Open Sans\"><span style=\"font-size: xx-small\"><span lang=\"zxx\">,\u00a0<\/span><\/span><\/span><\/span><a href=\"https:\/\/www.portaloswiatowy.pl\/awans-zawodowy\/rozporzadzenie-ministra-edukacji-narodowej-i-sportu-z-dnia-1-grudnia-2004-r.-w-sprawie-uzyskiwania-stopni-awansu-zawodowego-przez-nauczycieli-dz.u.-z-2004-r.-nr-260-poz.-2593-4256.html#c_0_k_0_t_0_d_0_r_0_o_0_a_0_g_3_u_2_p_0_l_0_i_0\" target=\"_blank\" rel=\"noopener\"><span style=\"color: #000000\"><span style=\"font-family: Open Sans\"><span style=\"font-size: xx-small\"><span lang=\"zxx\">ust. 2<\/span><\/span><\/span><\/span><\/a><span style=\"color: #000000\"><span style=\"font-family: Open Sans\"><span style=\"font-size: xx-small\"><span lang=\"zxx\">,\u00a0<\/span><\/span><\/span><\/span><a href=\"https:\/\/www.portaloswiatowy.pl\/awans-zawodowy\/rozporzadzenie-ministra-edukacji-narodowej-i-sportu-z-dnia-1-grudnia-2004-r.-w-sprawie-uzyskiwania-stopni-awansu-zawodowego-przez-nauczycieli-dz.u.-z-2004-r.-nr-260-poz.-2593-4256.html#c_0_k_0_t_0_d_0_r_0_o_0_a_0_g_3_u_3_p_0_l_0_i_0\" target=\"_blank\" rel=\"noopener\"><span style=\"color: #000000\"><span style=\"font-family: Open Sans\"><span style=\"font-size: xx-small\"><span lang=\"zxx\">ust. 3<\/span><\/span><\/span><\/span><\/a><span style=\"color: #000000\"><span style=\"font-family: Open Sans\"><span style=\"font-size: xx-small\"><span lang=\"zxx\">,\u00a0<\/span><\/span><\/span><\/span><a href=\"https:\/\/www.portaloswiatowy.pl\/awans-zawodowy\/rozporzadzenie-ministra-edukacji-narodowej-i-sportu-z-dnia-1-grudnia-2004-r.-w-sprawie-uzyskiwania-stopni-awansu-zawodowego-przez-nauczycieli-dz.u.-z-2004-r.-nr-260-poz.-2593-4256.html#c_0_k_0_t_0_d_0_r_0_o_0_a_0_g_4_u_1_p_0_l_0_i_0\" target=\"_blank\" rel=\"noopener\"><span style=\"color: #000000\"><span style=\"font-family: Open Sans\"><span style=\"font-size: xx-small\"><span lang=\"zxx\">\u00a7 4 ust. 1<\/span><\/span><\/span><\/span><\/a><span style=\"color: #000000\"><span style=\"font-family: Open Sans\"><span style=\"font-size: xx-small\"><span lang=\"zxx\">,\u00a0<\/span><\/span><\/span><\/span><a href=\"https:\/\/www.portaloswiatowy.pl\/awans-zawodowy\/rozporzadzenie-ministra-edukacji-narodowej-i-sportu-z-dnia-1-grudnia-2004-r.-w-sprawie-uzyskiwania-stopni-awansu-zawodowego-przez-nauczycieli-dz.u.-z-2004-r.-nr-260-poz.-2593-4256.html#c_0_k_0_t_0_d_0_r_0_o_0_a_0_g_4_u_4_p_0_l_0_i_0\" target=\"_blank\" rel=\"noopener\"><span style=\"color: #000000\"><span style=\"font-family: Open Sans\"><span style=\"font-size: xx-small\"><span lang=\"zxx\">ust. 4<\/span><\/span><\/span><\/span><\/a><span style=\"color: #000000\"><span style=\"font-family: Open Sans\"><span style=\"font-size: xx-small\"><span lang=\"zxx\">,\u00a0<\/span><\/span><\/span><\/span><a href=\"https:\/\/www.portaloswiatowy.pl\/awans-zawodowy\/rozporzadzenie-ministra-edukacji-narodowej-i-sportu-z-dnia-1-grudnia-2004-r.-w-sprawie-uzyskiwania-stopni-awansu-zawodowego-przez-nauczycieli-dz.u.-z-2004-r.-nr-260-poz.-2593-4256.html#c_0_k_0_t_0_d_0_r_0_o_0_a_0_g_5_u_0_p_0_l_0_i_0\" target=\"_blank\" rel=\"noopener\"><span style=\"color: #000000\"><span style=\"font-family: Open Sans\"><span style=\"font-size: xx-small\"><span lang=\"zxx\">\u00a7 5<\/span><\/span><\/span><\/span><\/a><span style=\"color: #000000\"><span style=\"font-family: Open Sans\"><span style=\"font-size: xx-small\"><span lang=\"zxx\">,\u00a0<\/span><\/span><\/span><\/span><a href=\"https:\/\/www.portaloswiatowy.pl\/awans-zawodowy\/rozporzadzenie-ministra-edukacji-narodowej-i-sportu-z-dnia-1-grudnia-2004-r.-w-sprawie-uzyskiwania-stopni-awansu-zawodowego-przez-nauczycieli-dz.u.-z-2004-r.-nr-260-poz.-2593-4256.html#c_0_k_0_t_0_d_0_r_0_o_0_a_0_g_6_u_0_p_0_l_0_i_0\" target=\"_blank\" rel=\"noopener\"><span style=\"color: #000000\"><span style=\"font-family: Open Sans\"><span style=\"font-size: xx-small\"><span lang=\"zxx\">\u00a7 6<\/span><\/span><\/span><\/span><\/a><span style=\"color: #000000\"><span style=\"font-family: Open Sans\"><span style=\"font-size: xx-small\"><span lang=\"zxx\">,\u00a0<\/span><\/span><\/span><\/span><a href=\"https:\/\/www.portaloswiatowy.pl\/awans-zawodowy\/rozporzadzenie-ministra-edukacji-narodowej-i-sportu-z-dnia-1-grudnia-2004-r.-w-sprawie-uzyskiwania-stopni-awansu-zawodowego-przez-nauczycieli-dz.u.-z-2004-r.-nr-260-poz.-2593-4256.html#c_0_k_0_t_0_d_0_r_0_o_0_a_0_g_7_u_0_p_0_l_0_i_0\" target=\"_blank\" rel=\"noopener\"><span style=\"color: #000000\"><span style=\"font-family: Open Sans\"><span style=\"font-size: xx-small\"><span lang=\"zxx\">\u00a7 7<\/span><\/span><\/span><\/span><\/a><span style=\"color: #000000\"><span style=\"font-family: Open Sans\"><span style=\"font-size: xx-small\"><span lang=\"zxx\">,\u00a0<\/span><\/span><\/span><\/span><a href=\"https:\/\/www.portaloswiatowy.pl\/awans-zawodowy\/rozporzadzenie-ministra-edukacji-narodowej-i-sportu-z-dnia-1-grudnia-2004-r.-w-sprawie-uzyskiwania-stopni-awansu-zawodowego-przez-nauczycieli-dz.u.-z-2004-r.-nr-260-poz.-2593-4256.html#c_0_k_0_t_0_d_0_r_0_o_0_a_0_g_8_u_0_p_0_l_0_i_0\" target=\"_blank\" rel=\"noopener\"><span style=\"color: #000000\"><span style=\"font-family: Open Sans\"><span style=\"font-size: xx-small\"><span lang=\"zxx\">\u00a7 8<\/span><\/span><\/span><\/span><\/a><span style=\"color: #000000\"><span style=\"font-family: Open Sans\"><span style=\"font-size: xx-small\"><span lang=\"zxx\">.<\/span><\/span><\/span><\/span><\/p><\/li><\/ul><\/div><\/div><\/div><div class=\"ea-card sp-ea-single\"><h3 class=\"ea-header\"><a class=\"collapsed\" id=\"ea-header-401\" role=\"button\" data-sptoggle=\"spcollapse\" data-sptarget=\"#collapse401\" aria-controls=\"collapse401\" href=\"#\" aria-expanded=\"false\" tabindex=\"0\"><i aria-hidden=\"true\" role=\"presentation\" class=\"ea-expand-icon eap-icon-ea-expand-plus\"><\/i> AWANS &#8211; PRZEWODNIKI<\/a><\/h3><div class=\"sp-collapse spcollapse spcollapse\" id=\"collapse401\" data-parent=\"#sp-ea-40\" role=\"region\" aria-labelledby=\"ea-header-401\"> <div class=\"ea-body\"><h5 class=\"western\"><a href=\"https:\/\/doradcametodyczny.eu\/wp-content\/uploads\/2026\/02\/Przewodnik-awans-zawodowy-nauczyciel-kontraktowy.pdf\">Przewodnik dla os\u00f3b ubiegaj\u0105cych si\u0119 o nadanie stopnia awansu zawodowego nauczyciela KONTRAKTOWEGO<\/a><\/h5><h5 class=\"western\" align=\"left\"><a href=\"https:\/\/doradcametodyczny.eu\/wp-content\/uploads\/2026\/02\/Przewodnik-awans-zawodowy-nauczyciel-mianowany.pdf\">Przewodnik dla os\u00f3b ubiegaj\u0105cych si\u0119 o nadanie stopnia awansu zawodowego nauczyciela MIANOWANEGO<\/a><\/h5><h5 class=\"western\" align=\"left\"><a href=\"https:\/\/doradcametodyczny.eu\/wp-content\/uploads\/2026\/02\/Przewodnik-awans-zawodowy-nauczyciel-dyplomowany.pdf\">Przewodnik dla os\u00f3b ubiegaj\u0105cych si\u0119 o nadanie stopnia awansu zawodowego nauczyciela DYPLOMOWANEGO<\/a><\/h5><\/div><\/div><\/div><div class=\"ea-card sp-ea-single\"><h3 class=\"ea-header\"><a class=\"collapsed\" id=\"ea-header-402\" role=\"button\" data-sptoggle=\"spcollapse\" data-sptarget=\"#collapse402\" aria-controls=\"collapse402\" href=\"#\" aria-expanded=\"false\" tabindex=\"0\"><i aria-hidden=\"true\" role=\"presentation\" class=\"ea-expand-icon eap-icon-ea-expand-plus\"><\/i> AWANS ZAWODOWY &#8211; ZMIANY OD 01.09.2022<\/a><\/h3><div class=\"sp-collapse spcollapse spcollapse\" id=\"collapse402\" data-parent=\"#sp-ea-40\" role=\"region\" aria-labelledby=\"ea-header-402\"> <div class=\"ea-body\"><h5 class=\"western\" lang=\"zxx\"><span style=\"color: #000000\"><span style=\"font-family: calibri\"><span style=\"font-size: x-large\">Nowy system awansu zawodowego nauczycieli &#8211; przepisy przej\u015bciowe<\/span><\/span><\/span><\/h5><p lang=\"zxx\" align=\"left\"><span style=\"color: #000000\"><span style=\"font-family: calibri\"><span style=\"font-size: medium\">1 wrze\u015bnia 2022 r. wesz\u0142y w \u017cycie zmiany dotycz\u0105ce zasad ubiegania si\u0119 o stopie\u0144 nauczyciela mianowanego i dyplomowanego. Zach\u0119cam do zapoznania si\u0119 z materia\u0142em informacyjnym MEiN, kt\u00f3ry przybli\u017ca przyj\u0119te w tym zakresie rozwi\u0105zania przej\u015bciowe.<\/span><\/span><\/span><\/p><h5 class=\"western\" lang=\"zxx\" align=\"left\"><span style=\"color: #000000\"><span style=\"font-family: calibri\"><span style=\"font-size: medium\">Uzyskiwanie stopnia nauczyciela mianowanego od 1 wrze\u015bnia 2022 r.<\/span><\/span><\/span><\/h5><p align=\"left\"><strong><span style=\"color: #000000\"><span style=\"font-family: calibri\"><span style=\"font-size: medium\"><span lang=\"zxx\"><b>I. Nauczyciele ubiegaj\u0105cy si\u0119 o stopie\u0144 nauczyciela mianowanego wed\u0142ug nowych przepis\u00f3w (ustawy \u2013 Karta Nauczyciela w brzmieniu obowi\u0105zuj\u0105cym od 1 wrze\u015bnia 2022 r. oraz nowego rozporz\u0105dzenia Ministra Edukacji i Nauki w sprawie uzyskiwania stopni awansu zawodowego przez nauczycieli):<\/b><\/span><\/span><\/span><\/span><\/strong><\/p><ol><li><p lang=\"zxx\" align=\"left\"><span style=\"color: #000000\"><span style=\"font-family: calibri\"><span style=\"font-size: medium\">nauczyciele zatrudniani w szkole pocz\u0105wszy od 1 wrze\u015bnia 2022 r.,<\/span><\/span><\/span><\/p><\/li><li><p lang=\"zxx\" align=\"left\"><span style=\"color: #000000\"><span style=\"font-family: calibri\"><span style=\"font-size: medium\">nauczyciele zatrudnieni w szkole przed 1 wrze\u015bnia 2022 r., kt\u00f3rzy do 31 sierpnia 2022 r. nie uzyskali stopnia nauczyciela kontraktowego,<\/span><\/span><\/span><\/p><\/li><li><p lang=\"zxx\" align=\"left\"><span style=\"color: #000000\"><span style=\"font-family: calibri\"><span style=\"font-size: medium\">nauczyciele zatrudnieni w szkole przed 1 wrze\u015bnia 2022 r., kt\u00f3rzy do 31 sierpnia 2022 r. uzyskali stopie\u0144 nauczyciela kontraktowego lecz do 31 sierpnia 2027 r. nie uzyskaj\u0105 stopnia nauczyciela mianowanego wed\u0142ug przepis\u00f3w dotychczasowych.<\/span><\/span><\/span><\/p><\/li><\/ol><p align=\"left\"><strong><span style=\"color: #000000\"><span style=\"font-family: calibri\"><span style=\"font-size: medium\"><span lang=\"zxx\"><b>Nauczyciel ubiegaj\u0105cy si\u0119 o stopie\u0144 nauczyciela mianowanego wed\u0142ug nowych przepis\u00f3w:<\/b><\/span><\/span><\/span><\/span><\/strong><\/p><ul><li><p lang=\"zxx\" align=\"left\"><span style=\"color: #000000\"><span style=\"font-family: calibri\"><span style=\"font-size: medium\">posiada status nauczyciela pocz\u0105tkuj\u0105cego (nie jest to stopie\u0144 awansu zawodowego);<\/span><\/span><\/span><\/p><\/li><li><p lang=\"zxx\" align=\"left\"><span style=\"color: #000000\"><span style=\"font-family: calibri\"><span style=\"font-size: medium\">odbywa przygotowanie do zawodu nauczyciela w wymiarze 3 lat i 9 miesi\u0119cy lub w wymiarze skr\u00f3conym do 2 lat i 9 miesi\u0119cy;<\/span><\/span><\/span><\/p><\/li><li><p lang=\"zxx\" align=\"left\"><span style=\"color: #000000\"><span style=\"font-family: calibri\"><span style=\"font-size: medium\">w okresie odbywania przygotowania do zawodu ma przydzielonego mentora;<\/span><\/span><\/span><\/p><\/li><li><p lang=\"zxx\" align=\"left\"><span style=\"color: #000000\"><span style=\"font-family: calibri\"><span style=\"font-size: medium\">w drugim oraz ostatnim roku przygotowania do zawodu jego praca podlega ocenie zgodnie z przepisami nowego rozporz\u0105dzenia Ministra Edukacji i Nauki w sprawie oceny pracy nauczycieli, kt\u00f3re przewiduje dokonywanie oceny pracy wed\u0142ug okre\u015blonych w nim szczeg\u00f3\u0142owych kryteri\u00f3w. Uzyskanie co najmniej dobrej oceny pracy w ostatnim roku przygotowania do zawodu jest jednym z warunk\u00f3w nadania stopnia nauczyciela mianowanego. W przypadku rozwi\u0105zania lub wyga\u015bni\u0119cia stosunku pracy w trakcie odbywania przez nauczyciela przygotowania do zawodu nauczyciela dyrektor szko\u0142y dokona oceny pracy nauczyciela za okres dotychczas odbytego przygotowania do zawodu nauczyciela w terminie nie d\u0142u\u017cszym ni\u017c 21 dni od dnia rozwi\u0105zania lub wyga\u015bni\u0119cia stosunku pracy;<\/span><\/span><\/span><\/p><\/li><li><p lang=\"zxx\" align=\"left\"><span style=\"color: #000000\"><span style=\"font-family: calibri\"><span style=\"font-size: medium\">w ostatnim roku przygotowania do zawodu nauczyciel prowadzi zaj\u0119cia w obecno\u015bci komisji powo\u0142anej przez dyrektora szko\u0142y. Komisja wydaje opini\u0119 o przeprowadzonych zaj\u0119ciach. Uzyskanie pozytywnej opinii jest jednym z warunk\u00f3w nadania stopnia nauczyciela mianowanego;<\/span><\/span><\/span><\/p><\/li><li><p lang=\"zxx\" align=\"left\"><span style=\"color: #000000\"><span style=\"font-family: calibri\"><span style=\"font-size: medium\">tak jak obecnie przyst\u0119puje do egzaminu przed komisj\u0105 egzaminacyjn\u0105.<\/span><\/span><\/span><\/p><\/li><\/ul><p align=\"left\"><strong><span style=\"color: #000000\"><span style=\"font-family: calibri\"><span style=\"font-size: medium\"><span lang=\"zxx\"><b>Rozwi\u0105zanie przej\u015bciowe dla nauczycieli ubiegaj\u0105cych si\u0119 o stopie\u0144 nauczyciela mianowanego wed\u0142ug nowych przepis\u00f3w, kt\u00f3rzy pracowali w szkole przed 1 wrze\u015bnia 2022 r.<\/b><\/span><\/span><\/span><\/span><\/strong><\/p><p lang=\"zxx\" align=\"left\"><span style=\"color: #000000\"><span style=\"font-family: calibri\"><span style=\"font-size: medium\">Nauczycielom, kt\u00f3rzy do 31 sierpnia 2027 r. nie uzyskaj\u0105 stopnia nauczyciela mianowanego wed\u0142ug przepis\u00f3w dotychczasowych, oraz nauczycielom, kt\u00f3rzy do 31 sierpnia 2022 r. nie uzyskali stopnia nauczyciela kontraktowego, do okresu odbywania przygotowania do zawodu nauczyciela wlicza si\u0119 okres dotychczasowego zatrudnienia nauczyciela w szkole w wymiarze co najmniej 1\/2 obowi\u0105zkowego wymiaru zaj\u0119\u0107 zgodnie z wymaganymi kwalifikacjami, z wy\u0142\u0105czeniem okres\u00f3w nieobecno\u015bci nauczyciela w pracy trwaj\u0105cych nieprzerwanie d\u0142u\u017cej ni\u017c 30 dni, z wyj\u0105tkiem okres\u00f3w urlopu wypoczynkowego, z tym \u017ce w przypadku odbywania przygotowania do zawodu nauczyciela w wymiarze:<\/span><\/span><\/span><\/p><ul><li><p lang=\"zxx\" align=\"left\"><span style=\"color: #000000\"><span style=\"font-family: calibri\"><span style=\"font-size: medium\">3 lata i 9 miesi\u0119cy \u2013 okres wliczany do okresu przygotowania do zawodu nauczyciela nie mo\u017ce by\u0107 d\u0142u\u017cszy ni\u017c 3 lata,<\/span><\/span><\/span><\/p><\/li><li><p lang=\"zxx\" align=\"left\"><span style=\"color: #000000\"><span style=\"font-family: calibri\"><span style=\"font-size: medium\">2 lata i 9 miesi\u0119cy \u2013 okres wliczany do okresu przygotowania do zawodu nauczyciela nie mo\u017ce by\u0107 d\u0142u\u017cszy ni\u017c 2 lata.<\/span><\/span><\/span><\/p><\/li><\/ul><p align=\"left\"><strong><span style=\"color: #000000\"><span style=\"font-family: calibri\"><span style=\"font-size: medium\"><span lang=\"zxx\"><b>II. Nauczyciele ubiegaj\u0105cy si\u0119 o stopie\u0144 nauczyciela mianowanego wed\u0142ug przepis\u00f3w dotychczasowych (ustawy \u2013 Karta Nauczyciela w brzmieniu obowi\u0105zuj\u0105cym przed 1 wrze\u015bnia 2022 r. oraz rozporz\u0105dzenia Ministra Edukacji Narodowej z dnia 26 lipca 2018 r. w sprawie uzyskiwania stopni awansu zawodowego przez nauczycieli (Dz. U. z 2020 r. poz. 2200))<\/b><\/span><\/span><\/span><\/span><\/strong><\/p><p lang=\"zxx\" align=\"left\"><span style=\"color: #000000\"><span style=\"font-family: calibri\"><span style=\"font-size: medium\">Nauczyciele, kt\u00f3rzy do dnia 31 sierpnia 2022 r. uzyskaj\u0105 stopie\u0144 nauczyciela kontraktowego. lecz do tego dnia nie uzyskaj\u0105 stopnia nauczyciela mianowanego.<\/span><\/span><\/span><\/p><p align=\"left\"><strong><span style=\"color: #000000\"><span style=\"font-family: calibri\"><span style=\"font-size: medium\"><span lang=\"zxx\"><b>Nauczyciel ubiegaj\u0105cy si\u0119 o stopie\u0144 nauczyciela mianowanego wed\u0142ug przepis\u00f3w dotychczasowych:<\/b><\/span><\/span><\/span><\/span><\/strong><\/p><ul><li><p lang=\"zxx\" align=\"left\"><span style=\"color: #000000\"><span style=\"font-family: calibri\"><span style=\"font-size: medium\">odbywa sta\u017c na stopie\u0144 nauczyciela mianowanego, w trakcie kt\u00f3rego ma przydzielonego opiekuna sta\u017cu;<\/span><\/span><\/span><\/p><\/li><li><p lang=\"zxx\" align=\"left\"><span style=\"color: #000000\"><span style=\"font-family: calibri\"><span style=\"font-size: medium\">opracowuje plan rozwoju zawodowego na okres sta\u017cu oraz sprawozdanie z jego realizacji, po otrzymaniu kt\u00f3rego dyrektor szko\u0142y dokonuje oceny dorobku zawodowego nauczyciela;<\/span><\/span><\/span><\/p><\/li><li><p lang=\"zxx\" align=\"left\"><span style=\"color: #000000\"><span style=\"font-family: calibri\"><span style=\"font-size: medium\">mo\u017ce rozpocz\u0105\u0107 sta\u017c na stopie\u0144 nauczyciela mianowanego po przepracowaniu w szkole co najmniej 2 lat od uzyskania stopnia nauczyciela kontraktowego.<\/span><\/span><\/span><\/p><\/li><\/ul><p align=\"left\"><strong><span style=\"color: #000000\"><span style=\"font-family: calibri\"><span style=\"font-size: medium\"><span lang=\"zxx\"><b>Rozwi\u0105zania przej\u015bciowe dla nauczycieli ubiegaj\u0105cych si\u0119 o stopie\u0144 nauczyciela mianowanego wed\u0142ug przepis\u00f3w dotychczasowych:<\/b><\/span><\/span><\/span><\/span><\/strong><\/p><ul><li><p lang=\"zxx\" align=\"left\"><span style=\"color: #000000\"><span style=\"font-family: calibri\"><span style=\"font-size: medium\">w przypadku nauczycieli, kt\u00f3rzy przed 1 wrze\u015bnia 2021 r. nie rozpocz\u0119li sta\u017cu na stopie\u0144 nauczyciela mianowanego, wymiar sta\u017cu na stopie\u0144 nauczyciela mianowanego, skraca si\u0119 o rok;<\/span><\/span><\/span><\/p><\/li><li><p lang=\"zxx\" align=\"left\"><span style=\"color: #000000\"><span style=\"font-family: calibri\"><span style=\"font-size: medium\">w przypadku nauczycieli, kt\u00f3rzy na podstawie art. 9 ust. 1 ustawy z dnia 13 czerwca 2019 r. o zmianie ustawy \u2013 Karta Nauczyciela oraz niekt\u00f3rych innych ustaw (Dz. U. poz. 1287) odbyli sta\u017c na stopie\u0144 nauczyciela kontraktowego w wymiarze 12 miesi\u0119cy i kt\u00f3rzy nie rozpocz\u0119li sta\u017cu na stopie\u0144 nauczyciela mianowanego przed dniem 1 wrze\u015bnia 2022 r., sta\u017c na stopie\u0144 nauczyciela mianowanego trwa 9 miesi\u0119cy.<\/span><\/span><\/span><\/p><\/li><\/ul><p align=\"left\"><strong><span style=\"color: #000000\"><span style=\"font-family: calibri\"><span style=\"font-size: medium\"><span lang=\"zxx\"><b>Przyk\u0142adowa \u015bcie\u017cka awansu zawodowego nauczycieli zatrudnionych zgodnie z wymaganymi kwalifikacjami w wymiarze co najmniej 1\/2 obowi\u0105zkowego wymiaru zaj\u0119\u0107, kt\u00f3rzy nie maj\u0105 przerw w zatrudnieniu lub przerw w \u015bwiadczeniu pracy, a sta\u017c na stopie\u0144 nauczyciela mianowanego rozpocz\u0119li lub rozpoczn\u0105 w roku szkolnym, w kt\u00f3rym nab\u0119d\u0105 uprawnienia do rozpocz\u0119cia tego sta\u017cu:<\/b><\/span><\/span><\/span><\/span><\/strong><\/p><table width=\"861\" cellspacing=\"0\" cellpadding=\"5\" bgcolor=\"#ffffff\"><tbody><tr><th width=\"126\"><p align=\"left\"><strong><span style=\"color: #000000\"><span style=\"font-family: calibri\"><span style=\"font-size: medium\"><span lang=\"zxx\"><b>Nauczyciele zatrudnieni w kolejnych latach<\/b><\/span><\/span><\/span><\/span><\/strong><\/p><\/th><th width=\"103\"><p align=\"left\"><strong><span style=\"color: #000000\"><span style=\"font-family: calibri\"><span style=\"font-size: medium\"><span lang=\"zxx\"><b>Nauczyciele zatrudnieni<\/b><\/span><\/span><\/span><\/span><\/strong><\/p><p align=\"left\"><strong><span style=\"color: #000000\"><span style=\"font-family: calibri\"><span style=\"font-size: medium\"><span lang=\"zxx\"><b>w roku szkolnym 2016\/2017<\/b><\/span><\/span><\/span><\/span><\/strong><\/p><\/th><th width=\"99\"><p align=\"left\"><strong><span style=\"color: #000000\"><span style=\"font-family: calibri\"><span style=\"font-size: medium\"><span lang=\"zxx\"><b>Nauczyciele zatrudnieni<\/b><\/span><\/span><\/span><\/span><\/strong><\/p><p align=\"left\"><strong><span style=\"color: #000000\"><span style=\"font-family: calibri\"><span style=\"font-size: medium\"><span lang=\"zxx\"><b>w roku szkolnym 2017\/2018<\/b><\/span><\/span><\/span><\/span><\/strong><\/p><\/th><th width=\"124\"><p align=\"left\"><strong><span style=\"color: #000000\"><span style=\"font-family: calibri\"><span style=\"font-size: medium\"><span lang=\"zxx\"><b>Nauczyciele zatrudnieni<\/b><\/span><\/span><\/span><\/span><\/strong><\/p><p align=\"left\"><strong><span style=\"color: #000000\"><span style=\"font-family: calibri\"><span style=\"font-size: medium\"><span lang=\"zxx\"><b>w roku szkolnym 2018\/2019 (kt\u00f3rzy uzyskali st. nauczyciela kontraktowego do 14.09.2019 r.)<\/b><\/span><\/span><\/span><\/span><\/strong><\/p><\/th><th width=\"129\"><p align=\"left\"><strong><span style=\"color: #000000\"><span style=\"font-family: calibri\"><span style=\"font-size: medium\"><span lang=\"zxx\"><b>Nauczyciele zatrudnieni<\/b><\/span><\/span><\/span><\/span><\/strong><\/p><p align=\"left\"><strong><span style=\"color: #000000\"><span style=\"font-family: calibri\"><span style=\"font-size: medium\"><span lang=\"zxx\"><b>w roku szkolnym 2019\/2020<br \/>i w 2018\/2019, kt\u00f3rzy uzyskali st. nauczyciela kontraktowego po 14.09.2019 r.<\/b><\/span><\/span><\/span><\/span><\/strong><\/p><\/th><th width=\"102\"><p align=\"left\"><strong><span style=\"color: #000000\"><span style=\"font-family: calibri\"><span style=\"font-size: medium\"><span lang=\"zxx\"><b>Nauczyciele zatrudnieni<\/b><\/span><\/span><\/span><\/span><\/strong><\/p><p align=\"left\"><strong><span style=\"color: #000000\"><span style=\"font-family: calibri\"><span style=\"font-size: medium\"><span lang=\"zxx\"><b>w roku szkolnym 2020\/2021<\/b><\/span><\/span><\/span><\/span><\/strong><\/p><\/th><th width=\"107\"><p align=\"left\"><strong><span style=\"color: #000000\"><span style=\"font-family: calibri\"><span style=\"font-size: medium\"><span lang=\"zxx\"><b>Nauczyciele zatrudnieni<\/b><\/span><\/span><\/span><\/span><\/strong><\/p><p align=\"left\"><strong><span style=\"color: #000000\"><span style=\"font-family: calibri\"><span style=\"font-size: medium\"><span lang=\"zxx\"><b>w roku szkolnym. 2021\/2022<\/b><\/span><\/span><\/span><\/span><\/strong><\/p><\/th><\/tr><tr><th width=\"126\"><p align=\"left\"><strong><span style=\"color: #000000\"><span style=\"font-family: calibri\"><span style=\"font-size: medium\"><span lang=\"zxx\"><b>Rok szkolny rozpocz\u0119cia sta\u017cu na st. nauczyciela mianowanego<\/b><\/span><\/span><\/span><\/span><\/strong><\/p><\/th><td width=\"103\"><p lang=\"zxx\" align=\"center\"><span style=\"color: #000000\"><span style=\"font-family: calibri\"><span style=\"font-size: medium\">2019\/2020<\/span><\/span><\/span><\/p><\/td><td width=\"99\"><p lang=\"zxx\" align=\"center\"><span style=\"color: #000000\"><span style=\"font-family: calibri\"><span style=\"font-size: medium\">2020\/2021<\/span><\/span><\/span><\/p><\/td><td width=\"124\"><p lang=\"zxx\" align=\"center\"><span style=\"color: #000000\"><span style=\"font-family: calibri\"><span style=\"font-size: medium\">2021\/2022<\/span><\/span><\/span><\/p><\/td><td width=\"129\"><p lang=\"zxx\" align=\"center\"><span style=\"color: #000000\"><span style=\"font-family: calibri\"><span style=\"font-size: medium\">2022\/2023<\/span><\/span><\/span><\/p><\/td><td width=\"102\"><p lang=\"zxx\" align=\"center\"><span style=\"color: #000000\"><span style=\"font-family: calibri\"><span style=\"font-size: medium\">2023\/2024<\/span><\/span><\/span><\/p><\/td><td width=\"107\"><p lang=\"zxx\" align=\"center\"><span style=\"color: #000000\"><span style=\"font-family: calibri\"><span style=\"font-size: medium\">2024\/2025<\/span><\/span><\/span><\/p><\/td><\/tr><tr bgcolor=\"#f9f9f9\"><th width=\"126\"><p align=\"left\"><strong><span style=\"color: #000000\"><span style=\"font-family: calibri\"><span style=\"font-size: medium\"><span lang=\"zxx\"><b>Wymiar odbywanego sta\u017cu (standardowy wymiar sta\u017cu lub skr\u00f3cony w okresie przej\u015bciowym)<\/b><\/span><\/span><\/span><\/span><\/strong><\/p><\/th><td width=\"103\"><p lang=\"zxx\" align=\"center\"><span style=\"color: #000000\"><span style=\"font-family: calibri\"><span style=\"font-size: medium\">2 lata i 9 miesi\u0119cy<\/span><\/span><\/span><\/p><\/td><td width=\"99\"><p lang=\"zxx\" align=\"center\"><span style=\"color: #000000\"><span style=\"font-family: calibri\"><span style=\"font-size: medium\">2 lata i 9 miesi\u0119cy<\/span><\/span><\/span><\/p><\/td><td width=\"124\"><p lang=\"zxx\" align=\"center\"><span style=\"color: #000000\"><span style=\"font-family: calibri\"><span style=\"font-size: medium\">rok i 9 miesi\u0119cy*<\/span><\/span><\/span><\/p><\/td><td width=\"129\"><p lang=\"zxx\" align=\"center\"><span style=\"color: #000000\"><span style=\"font-family: calibri\"><span style=\"font-size: medium\">rok i 9 miesi\u0119cy<\/span><\/span><\/span><\/p><p lang=\"zxx\" align=\"center\"><span style=\"color: #000000\"><span style=\"font-family: calibri\"><span style=\"font-size: medium\">9 miesi\u0119cy dla rocznika 2018\/2019<\/span><\/span><\/span><\/p><\/td><td width=\"102\"><p lang=\"zxx\" align=\"center\"><span style=\"color: #000000\"><span style=\"font-family: calibri\"><span style=\"font-size: medium\">rok i 9 miesi\u0119cy<\/span><\/span><\/span><\/p><\/td><td width=\"107\"><p lang=\"zxx\" align=\"center\"><span style=\"color: #000000\"><span style=\"font-family: calibri\"><span style=\"font-size: medium\">rok i 9 miesi\u0119cy<\/span><\/span><\/span><\/p><\/td><\/tr><tr><th width=\"126\"><p align=\"left\"><strong><span style=\"color: #000000\"><span style=\"font-family: calibri\"><span style=\"font-size: medium\"><span lang=\"zxx\"><b>Liczba lat pracy, po kt\u00f3rych n-l mo\u017ce uzyska\u0107 st. nauczyciela mianowanego<\/b><\/span><\/span><\/span><\/span><\/strong><\/p><\/th><td width=\"103\"><p lang=\"zxx\" align=\"center\"><span style=\"color: #000000\"><span style=\"font-family: calibri\"><span style=\"font-size: medium\">6<\/span><\/span><\/span><\/p><\/td><td width=\"99\"><p lang=\"zxx\" align=\"center\"><span style=\"color: #000000\"><span style=\"font-family: calibri\"><span style=\"font-size: medium\">6<\/span><\/span><\/span><\/p><\/td><td width=\"124\"><p lang=\"zxx\" align=\"center\"><span style=\"color: #000000\"><span style=\"font-family: calibri\"><span style=\"font-size: medium\">5<\/span><\/span><\/span><\/p><\/td><td width=\"129\"><p lang=\"zxx\" align=\"center\"><span style=\"color: #000000\"><span style=\"font-family: calibri\"><span style=\"font-size: medium\">5<\/span><\/span><\/span><\/p><\/td><td width=\"102\"><p lang=\"zxx\" align=\"center\"><span style=\"color: #000000\"><span style=\"font-family: calibri\"><span style=\"font-size: medium\">5<\/span><\/span><\/span><\/p><\/td><td width=\"107\"><p lang=\"zxx\" align=\"center\"><span style=\"color: #000000\"><span style=\"font-family: calibri\"><span style=\"font-size: medium\">5<\/span><\/span><\/span><\/p><\/td><\/tr><tr bgcolor=\"#f9f9f9\"><th width=\"126\"><p align=\"left\"><strong><span style=\"color: #000000\"><span style=\"font-family: calibri\"><span style=\"font-size: medium\"><span lang=\"zxx\"><b>Mo\u017cliwy termin egzaminu<\/b><\/span><\/span><\/span><\/span><\/strong><\/p><\/th><td width=\"103\"><p lang=\"zxx\" align=\"center\"><span style=\"color: #000000\"><span style=\"font-family: calibri\"><span style=\"font-size: medium\">2022 r.<\/span><\/span><\/span><\/p><\/td><td width=\"99\"><p lang=\"zxx\" align=\"center\"><span style=\"color: #000000\"><span style=\"font-family: calibri\"><span style=\"font-size: medium\">2023 r.<\/span><\/span><\/span><\/p><\/td><td width=\"124\"><p lang=\"zxx\" align=\"center\"><span style=\"color: #000000\"><span style=\"font-family: calibri\"><span style=\"font-size: medium\">2023 r.<\/span><\/span><\/span><\/p><\/td><td width=\"129\"><p lang=\"zxx\" align=\"center\"><span style=\"color: #000000\"><span style=\"font-family: calibri\"><span style=\"font-size: medium\">2024 r.<br \/>2023 r. dla rocznika 2018\/2019<\/span><\/span><\/span><\/p><\/td><td width=\"102\"><p lang=\"zxx\" align=\"center\"><span style=\"color: #000000\"><span style=\"font-family: calibri\"><span style=\"font-size: medium\">2025 r.<\/span><\/span><\/span><\/p><\/td><td width=\"107\"><p lang=\"zxx\" align=\"center\"><span style=\"color: #000000\"><span style=\"font-family: calibri\"><span style=\"font-size: medium\">2026 r.<\/span><\/span><\/span><\/p><\/td><\/tr><\/tbody><\/table><p lang=\"zxx\" align=\"left\"><span style=\"color: #000000\"><span style=\"font-family: calibri\"><span style=\"font-size: medium\">*Nauczyciel musi zmodyfikowa\u0107 plan rozwoju zawodowego<\/span><\/span><\/span><\/p><h3 class=\"western\" lang=\"zxx\" align=\"left\"><span style=\"color: #000000\"><span style=\"font-family: calibri\"><span style=\"font-size: medium\">Uzyskiwanie stopnia nauczyciela dyplomowanego od dnia 1 wrze\u015bnia 2022 r.<\/span><\/span><\/span><\/h3><p align=\"left\"><strong><span style=\"color: #000000\"><span style=\"font-family: calibri\"><span style=\"font-size: medium\"><span lang=\"zxx\"><b>I. Nauczyciele ubiegaj\u0105cy si\u0119 o stopie\u0144 nauczyciela dyplomowanego wed\u0142ug przepis\u00f3w nowych (ustawy \u2013 Karta Nauczyciela w brzmieniu obowi\u0105zuj\u0105cym od 1 wrze\u015bnia 2022 r. oraz nowego rozporz\u0105dzenia Ministra Edukacji i Nauki w sprawie uzyskiwania stopni awansu zawodowego przez nauczycieli)<\/b><\/span><\/span><\/span><\/span><\/strong><\/p><p lang=\"zxx\" align=\"left\"><span style=\"color: #000000\"><span style=\"font-family: calibri\"><span style=\"font-size: medium\">Nauczyciele, kt\u00f3rzy przed 1 wrze\u015bnia 2022 r. nie rozpocz\u0119li sta\u017cu na stopie\u0144 nauczyciela dyplomowanego.<\/span><\/span><\/span><\/p><p align=\"left\"><strong><span style=\"color: #000000\"><span style=\"font-family: calibri\"><span style=\"font-size: medium\"><span lang=\"zxx\"><b>Nauczyciel ubiegaj\u0105cy si\u0119 o stopie\u0144 nauczyciela dyplomowanego wed\u0142ug nowych przepis\u00f3w:<\/b><\/span><\/span><\/span><\/span><\/strong><\/p><ul><li><p lang=\"zxx\" align=\"left\"><span style=\"color: #000000\"><span style=\"font-family: calibri\"><span style=\"font-size: medium\">aby uzyska\u0107 stopie\u0144 nauczyciela dyplomowanego musi przepracowa\u0107 w szkole od dnia uzyskania stopnia nauczyciela mianowanego co najmniej 5 lat i 9 miesi\u0119cy lub w okre\u015blonych przypadkach 4 lata i 9 miesi\u0119cy (nie odbywa sta\u017cu);<\/span><\/span><\/span><\/p><\/li><li><p lang=\"zxx\" align=\"left\"><span style=\"color: #000000\"><span style=\"font-family: calibri\"><span style=\"font-size: medium\">w ostatnim roku pracy przed z\u0142o\u017ceniem wniosku o podj\u0119cie post\u0119powania kwalifikacyjnego wyst\u0119puje do dyrektora szko\u0142y z wnioskiem o dokonanie oceny pracy. Uzyskanie co najmniej bardzo dobrej oceny pracy jest jednym z warunk\u00f3w nadania stopnia nauczyciela dyplomowanego. Ocena dokonywana jest zgodnie z nowym rozporz\u0105dzeniem w sprawie oceny pracy nauczycieli, kt\u00f3re przewiduje dokonywanie tej oceny wed\u0142ug szczeg\u00f3\u0142owych kryteri\u00f3w. Ocena pracy na wniosek nauczyciela ubiegaj\u0105cego si\u0119 o stopie\u0144 nauczyciela dyplomowanego dokonywana jest za okres ostatnich 3 lat pracy przed dokonaniem tej oceny. W przypadku rozwi\u0105zania lub wyga\u015bni\u0119cia stosunku pracy lub przeniesienia do innej szko\u0142y nauczyciela mianowanego, dyrektor szko\u0142y dokonuje oceny pracy nauczyciela za okres dotychczasowej pracy w tej szkole, po uzyskaniu stopnia nauczyciela mianowanego, w terminie nie d\u0142u\u017cszym ni\u017c 21 dni odpowiednio od rozwi\u0105zania lub wyga\u015bni\u0119cia stosunku pracy lub przeniesienia do innej szko\u0142y;<\/span><\/span><\/span><\/p><\/li><\/ul><p align=\"left\"><strong><span style=\"color: #000000\"><span style=\"font-family: calibri\"><span style=\"font-size: medium\"><span lang=\"zxx\"><b>Rozwi\u0105zania przej\u015bciowe dla nauczycieli ubiegaj\u0105cych si\u0119 o stopie\u0144 nauczyciela dyplomowanego wed\u0142ug nowych przepis\u00f3w \u2013 skr\u00f3cenie w okresie przej\u015bciowym okresu pracy wymaganego do uzyskania stopnia nauczyciela dyplomowanego<\/b><\/span><\/span><\/span><\/span><\/strong><\/p><p lang=\"zxx\" align=\"left\"><span style=\"color: #000000\"><span style=\"font-family: calibri\"><span style=\"font-size: medium\">Nauczycielom, kt\u00f3rzy stopie\u0144 nauczyciela mianowanego uzyskali lub uzyskaj\u0105 wed\u0142ug przepis\u00f3w dotychczasowych i do 1 wrze\u015bnia 2022 r. nie rozpocz\u0119li sta\u017cu na stopie\u0144 nauczyciela dyplomowanego, okres pracy w szkole skraca si\u0119 o:<\/span><\/span><\/span><\/p><ol><li><p lang=\"zxx\" align=\"left\"><span style=\"color: #000000\"><span style=\"font-family: calibri\"><span style=\"font-size: medium\">2 lata \u2013 je\u017celi:<br \/>a) odbyli sta\u017c na stopie\u0144 nauczyciela mianowanego w dotychczasowym wymiarze albo<br \/>b) uzyskali przed dniem 1 wrze\u015bnia 2022 r. stopie\u0144 nauczyciela mianowanego z mocy prawa na podstawie art. 9a ust. 4 lub 5 ustawy \u2013 Karta Nauczyciela, albo<br \/>c) uzyskali stopie\u0144 nauczyciela mianowanego, b\u0119d\u0105c nauczycielem urlopowanym lub zwolnionym z obowi\u0105zku \u015bwiadczenia pracy, po up\u0142ywie 5 lat od dnia nadania stopnia nauczyciela kontraktowego;<\/span><\/span><\/span><\/p><\/li><li><p lang=\"zxx\" align=\"left\"><span style=\"color: #000000\"><span style=\"font-family: calibri\"><span style=\"font-size: medium\">rok \u2013 je\u017celi odbyli sta\u017c na stopie\u0144 nauczyciela mianowanego w wymiarze skr\u00f3conym na podstawie ustawy z dnia 5 sierpnia 2022 r. o zmianie ustawy \u2013 Karta Nauczyciela oraz niekt\u00f3rych innych ustaw (ustawa ta skr\u00f3ci\u0142a wymiar sta\u017cu na stopie\u0144 nauczyciela mianowanego o rok, a w przypadku jednej grupy o rok i 9 miesi\u0119cy) albo uzyskali stopie\u0144 nauczyciela mianowanego, b\u0119d\u0105c nauczycielem urlopowanym lub zwolnionym z obowi\u0105zku \u015bwiadczenia pracy, po up\u0142ywie 4 lat od dnia nadania stopnia nauczyciela kontraktowego;<\/span><\/span><\/span><\/p><\/li><\/ol><p align=\"left\"><strong><span style=\"color: #000000\"><span style=\"font-family: calibri\"><span style=\"font-size: medium\"><span lang=\"zxx\"><b>II. Nauczyciele ubiegaj\u0105cy si\u0119 o stopie\u0144 nauczyciela dyplomowanego wed\u0142ug przepis\u00f3w dotychczasowych (ustawy \u2013 Karta Nauczyciela w brzmieniu obowi\u0105zuj\u0105cym przed 1 wrze\u015bnia 2022 r. oraz rozporz\u0105dzenia Ministra Edukacji Narodowej z dnia 26 lipca 2018 r. w sprawie uzyskiwania stopni awansu zawodowego przez nauczycieli (Dz. U. z 2020 r. poz. 2200))<\/b><\/span><\/span><\/span><\/span><\/strong><\/p><p lang=\"zxx\" align=\"left\"><span style=\"color: #000000\"><span style=\"font-family: calibri\"><span style=\"font-size: medium\">Nauczyciele, kt\u00f3rzy przed dniem 1 wrze\u015bnia 2022 r. rozpocz\u0119li sta\u017c na stopie\u0144 nauczyciela dyplomowanego, lecz do tego dnia nie uzyskali tego stopnia.<\/span><\/span><\/span><\/p><p align=\"left\"><strong><span style=\"color: #000000\"><span style=\"font-family: calibri\"><span style=\"font-size: medium\"><span lang=\"zxx\"><b>Nauczyciel ubiegaj\u0105cy si\u0119 o stopie\u0144 nauczyciela dyplomowanego wed\u0142ug przepis\u00f3w dotychczasowych:<\/b><\/span><\/span><\/span><\/span><\/strong><\/p><ul><li><p lang=\"zxx\" align=\"left\"><span style=\"color: #000000\"><span style=\"font-family: calibri\"><span style=\"font-size: medium\">odbywa sta\u017c na stopie\u0144 nauczyciela dyplomowanego zgodnie z przepisami obowi\u0105zuj\u0105cymi przed 1 wrze\u015bnia 2022 r.;<\/span><\/span><\/span><\/p><\/li><li><p lang=\"zxx\" align=\"left\"><span style=\"color: #000000\"><span style=\"font-family: calibri\"><span style=\"font-size: medium\">po zako\u0144czeniu sta\u017cu opracowuje sprawozdanie z realizacji planu rozwoju zawodowego, po otrzymaniu kt\u00f3rego dyrektor szko\u0142y dokonuje oceny dorobku zawodowego nauczyciela.<\/span><\/span><\/span><\/p><\/li><\/ul><p lang=\"zxx\" align=\"left\"><span style=\"color: #000000\"><span style=\"font-family: calibri\"><span style=\"font-size: medium\">Ostatnim rokiem szkolnym, w kt\u00f3rym mo\u017cna by\u0142o rozpocz\u0105\u0107 sta\u017c na stopie\u0144 nauczyciela dyplomowanego, by\u0142 rok szkolny 2021\/2022. Od 1 wrze\u015bnia 2022 r. nie ma ju\u017c mo\u017cliwo\u015bci rozpocz\u0119cia sta\u017cu na stopie\u0144 nauczyciela dyplomowanego.<\/span><\/span><\/span><\/p><\/div><\/div><\/div><\/div><\/div><\/div>","protected":false},"excerpt":{"rendered":"<p>Awans zawodowy nauczyciela w Polsce to proces, kt\u00f3ry \u0142\u0105czy podnoszenie kompetencji z presti\u017cem i wy\u017cszym wynagrodzeniem. Cho\u0107 \u015bcie\u017cka od nauczyciela pocz\u0105tkuj\u0105cego, przez [&hellip;]<\/p>\n","protected":false},"author":1,"featured_media":0,"parent":0,"menu_order":0,"comment_status":"closed","ping_status":"closed","template":"","meta":{"footnotes":""},"class_list":["post-41","page","type-page","status-publish","hentry"],"_links":{"self":[{"href":"https:\/\/doradcametodyczny.eu\/index.php\/wp-json\/wp\/v2\/pages\/41","targetHints":{"allow":["GET"]}}],"collection":[{"href":"https:\/\/doradcametodyczny.eu\/index.php\/wp-json\/wp\/v2\/pages"}],"about":[{"href":"https:\/\/doradcametodyczny.eu\/index.php\/wp-json\/wp\/v2\/types\/page"}],"author":[{"embeddable":true,"href":"https:\/\/doradcametodyczny.eu\/index.php\/wp-json\/wp\/v2\/users\/1"}],"replies":[{"embeddable":true,"href":"https:\/\/doradcametodyczny.eu\/index.php\/wp-json\/wp\/v2\/comments?post=41"}],"version-history":[{"count":7,"href":"https:\/\/doradcametodyczny.eu\/index.php\/wp-json\/wp\/v2\/pages\/41\/revisions"}],"predecessor-version":[{"id":349,"href":"https:\/\/doradcametodyczny.eu\/index.php\/wp-json\/wp\/v2\/pages\/41\/revisions\/349"}],"wp:attachment":[{"href":"https:\/\/doradcametodyczny.eu\/index.php\/wp-json\/wp\/v2\/media?parent=41"}],"curies":[{"name":"wp","href":"https:\/\/api.w.org\/{rel}","templated":true}]}}